{"version":"1.0","provider_name":"FjALA e LIR\u00cb - Arkivi","provider_url":"https:\/\/fjala.info\/2009-2015","author_name":"admin","author_url":"https:\/\/fjala.info\/2009-2015\/author\/admin\/","title":"Kryeministri, n\u00eb luft\u00eb me t\u00eb v\u00ebrtet\u00ebn - FjALA e LIR\u00cb - Arkivi","type":"rich","width":600,"height":338,"html":"<blockquote class=\"wp-embedded-content\" data-secret=\"uZKHf6aN5F\"><a href=\"https:\/\/fjala.info\/2009-2015\/kryeministri-ne-lufte-me-te-verteten\/\">Kryeministri, n\u00eb luft\u00eb me t\u00eb v\u00ebrtet\u00ebn<\/a><\/blockquote><iframe sandbox=\"allow-scripts\" security=\"restricted\" src=\"https:\/\/fjala.info\/2009-2015\/kryeministri-ne-lufte-me-te-verteten\/embed\/#?secret=uZKHf6aN5F\" width=\"600\" height=\"338\" title=\"&#8220;Kryeministri, n\u00eb luft\u00eb me t\u00eb v\u00ebrtet\u00ebn&#8221; &#8212; FjALA e LIR\u00cb - Arkivi\" data-secret=\"uZKHf6aN5F\" frameborder=\"0\" marginwidth=\"0\" marginheight=\"0\" scrolling=\"no\" class=\"wp-embedded-content\"><\/iframe><script type=\"text\/javascript\">\n\/* <![CDATA[ *\/\n\/*! This file is auto-generated *\/\n!function(d,l){\"use strict\";l.querySelector&&d.addEventListener&&\"undefined\"!=typeof URL&&(d.wp=d.wp||{},d.wp.receiveEmbedMessage||(d.wp.receiveEmbedMessage=function(e){var t=e.data;if((t||t.secret||t.message||t.value)&&!\/[^a-zA-Z0-9]\/.test(t.secret)){for(var s,r,n,a=l.querySelectorAll('iframe[data-secret=\"'+t.secret+'\"]'),o=l.querySelectorAll('blockquote[data-secret=\"'+t.secret+'\"]'),c=new RegExp(\"^https?:$\",\"i\"),i=0;i<o.length;i++)o[i].style.display=\"none\";for(i=0;i<a.length;i++)s=a[i],e.source===s.contentWindow&&(s.removeAttribute(\"style\"),\"height\"===t.message?(1e3<(r=parseInt(t.value,10))?r=1e3:~~r<200&&(r=200),s.height=r):\"link\"===t.message&&(r=new URL(s.getAttribute(\"src\")),n=new URL(t.value),c.test(n.protocol))&&n.host===r.host&&l.activeElement===s&&(d.top.location.href=t.value))}},d.addEventListener(\"message\",d.wp.receiveEmbedMessage,!1),l.addEventListener(\"DOMContentLoaded\",function(){for(var e,t,s=l.querySelectorAll(\"iframe.wp-embedded-content\"),r=0;r<s.length;r++)(t=(e=s[r]).getAttribute(\"data-secret\"))||(t=Math.random().toString(36).substring(2,12),e.src+=\"#?secret=\"+t,e.setAttribute(\"data-secret\",t)),e.contentWindow.postMessage({message:\"ready\",secret:t},\"*\")},!1)))}(window,document);\n\/\/# sourceURL=https:\/\/fjala.info\/2009-2015\/wp-includes\/js\/wp-embed.min.js\n\/* ]]> *\/\n<\/script>\n","description":"Nga Mero Baze, &#8220;Faktori Plus&#8221; P\u00ebr t\u00eb disat\u00ebn her\u00eb rresht kryeministri Berisha po v\u00eb n\u00eb qend\u00ebr t\u00eb sulmeve t\u00eb tij ekspert\u00eb t\u00eb pavarur apo z\u00ebra autoritar\u00eb t\u00eb shoq\u00ebris\u00eb q\u00eb kan\u00eb b\u00ebr\u00eb paralajm\u00ebrime serioze dhe t\u00eb verifikueshme p\u00ebr situat\u00ebn n\u00eb Shqip\u00ebri, duke zhvler\u00ebsuar propagand\u00ebn e qeveris\u00eb dhe duke qen\u00eb n\u00eb an\u00ebn e qytetar\u00ebve shqiptar\u00eb. T\u00eb gjith\u00eb [&hellip;]","thumbnail_url":"http:\/\/www.shkoder.net\/images\/fjala\/mero_baze1.jpg"}