{"version":"1.0","provider_name":"FjALA e LIR\u00cb - Arkivi","provider_url":"https:\/\/fjala.info\/2009-2015","author_name":"admin","author_url":"https:\/\/fjala.info\/2009-2015\/author\/admin\/","title":"Kryeministri dhe interpretimi i \u00ebndrr\u00ebs s\u00eb tij - FjALA e LIR\u00cb - Arkivi","type":"rich","width":600,"height":338,"html":"<blockquote class=\"wp-embedded-content\" data-secret=\"I6M3HBIzfF\"><a href=\"https:\/\/fjala.info\/2009-2015\/kryeministri-dhe-interpretimi-i-endrres-se-tij\/\">Kryeministri dhe interpretimi i \u00ebndrr\u00ebs s\u00eb tij<\/a><\/blockquote><iframe sandbox=\"allow-scripts\" security=\"restricted\" src=\"https:\/\/fjala.info\/2009-2015\/kryeministri-dhe-interpretimi-i-endrres-se-tij\/embed\/#?secret=I6M3HBIzfF\" width=\"600\" height=\"338\" title=\"&#8220;Kryeministri dhe interpretimi i \u00ebndrr\u00ebs s\u00eb tij&#8221; &#8212; FjALA e LIR\u00cb - Arkivi\" data-secret=\"I6M3HBIzfF\" frameborder=\"0\" marginwidth=\"0\" marginheight=\"0\" scrolling=\"no\" class=\"wp-embedded-content\"><\/iframe><script type=\"text\/javascript\">\n\/* <![CDATA[ *\/\n\/*! This file is auto-generated *\/\n!function(d,l){\"use strict\";l.querySelector&&d.addEventListener&&\"undefined\"!=typeof URL&&(d.wp=d.wp||{},d.wp.receiveEmbedMessage||(d.wp.receiveEmbedMessage=function(e){var t=e.data;if((t||t.secret||t.message||t.value)&&!\/[^a-zA-Z0-9]\/.test(t.secret)){for(var s,r,n,a=l.querySelectorAll('iframe[data-secret=\"'+t.secret+'\"]'),o=l.querySelectorAll('blockquote[data-secret=\"'+t.secret+'\"]'),c=new RegExp(\"^https?:$\",\"i\"),i=0;i<o.length;i++)o[i].style.display=\"none\";for(i=0;i<a.length;i++)s=a[i],e.source===s.contentWindow&&(s.removeAttribute(\"style\"),\"height\"===t.message?(1e3<(r=parseInt(t.value,10))?r=1e3:~~r<200&&(r=200),s.height=r):\"link\"===t.message&&(r=new URL(s.getAttribute(\"src\")),n=new URL(t.value),c.test(n.protocol))&&n.host===r.host&&l.activeElement===s&&(d.top.location.href=t.value))}},d.addEventListener(\"message\",d.wp.receiveEmbedMessage,!1),l.addEventListener(\"DOMContentLoaded\",function(){for(var e,t,s=l.querySelectorAll(\"iframe.wp-embedded-content\"),r=0;r<s.length;r++)(t=(e=s[r]).getAttribute(\"data-secret\"))||(t=Math.random().toString(36).substring(2,12),e.src+=\"#?secret=\"+t,e.setAttribute(\"data-secret\",t)),e.contentWindow.postMessage({message:\"ready\",secret:t},\"*\")},!1)))}(window,document);\n\/\/# sourceURL=https:\/\/fjala.info\/2009-2015\/wp-includes\/js\/wp-embed.min.js\n\/* ]]> *\/\n<\/script>\n","description":"Myslim Pasha, 05.11.2010 1. Hyrje nga dera e pasme. At\u00eb \u00e7ast, kur t\u00eb hidhet n\u00eb er\u00eb, Piramida, ne duhet ta p\u00ebrfytyrojm\u00eb Kryeministrin ton\u00eb, se nuk do t\u00eb jet\u00eb n\u00eb shfaqje, bile as shp\u00ebrthimin shurdhues t\u00eb tritolit n\u00eb rr\u00ebnj\u00eb, nuk do ta d\u00ebgjoj\u00eb. At\u00eb bot\u00eb, ai ndijon z\u00ebrin e Tij, at\u00eb q\u00eb i erdhi n\u00eb \u00ebnd\u00ebrr, [&hellip;]"}