{"version":"1.0","provider_name":"FjALA e LIR\u00cb - Arkivi","provider_url":"https:\/\/fjala.info\/2009-2015","author_name":"admin","author_url":"https:\/\/fjala.info\/2009-2015\/author\/admin\/","title":"Kriza e partneritetit strategjik - FjALA e LIR\u00cb - Arkivi","type":"rich","width":600,"height":338,"html":"<blockquote class=\"wp-embedded-content\" data-secret=\"3Baq2wki4y\"><a href=\"https:\/\/fjala.info\/2009-2015\/kriza-e-partneritetit-strategjik\/\">Kriza e partneritetit strategjik<\/a><\/blockquote><iframe sandbox=\"allow-scripts\" security=\"restricted\" src=\"https:\/\/fjala.info\/2009-2015\/kriza-e-partneritetit-strategjik\/embed\/#?secret=3Baq2wki4y\" width=\"600\" height=\"338\" title=\"&#8220;Kriza e partneritetit strategjik&#8221; &#8212; FjALA e LIR\u00cb - Arkivi\" data-secret=\"3Baq2wki4y\" frameborder=\"0\" marginwidth=\"0\" marginheight=\"0\" scrolling=\"no\" class=\"wp-embedded-content\"><\/iframe><script type=\"text\/javascript\">\n\/* <![CDATA[ *\/\n\/*! This file is auto-generated *\/\n!function(d,l){\"use strict\";l.querySelector&&d.addEventListener&&\"undefined\"!=typeof URL&&(d.wp=d.wp||{},d.wp.receiveEmbedMessage||(d.wp.receiveEmbedMessage=function(e){var t=e.data;if((t||t.secret||t.message||t.value)&&!\/[^a-zA-Z0-9]\/.test(t.secret)){for(var s,r,n,a=l.querySelectorAll('iframe[data-secret=\"'+t.secret+'\"]'),o=l.querySelectorAll('blockquote[data-secret=\"'+t.secret+'\"]'),c=new RegExp(\"^https?:$\",\"i\"),i=0;i<o.length;i++)o[i].style.display=\"none\";for(i=0;i<a.length;i++)s=a[i],e.source===s.contentWindow&&(s.removeAttribute(\"style\"),\"height\"===t.message?(1e3<(r=parseInt(t.value,10))?r=1e3:~~r<200&&(r=200),s.height=r):\"link\"===t.message&&(r=new URL(s.getAttribute(\"src\")),n=new URL(t.value),c.test(n.protocol))&&n.host===r.host&&l.activeElement===s&&(d.top.location.href=t.value))}},d.addEventListener(\"message\",d.wp.receiveEmbedMessage,!1),l.addEventListener(\"DOMContentLoaded\",function(){for(var e,t,s=l.querySelectorAll(\"iframe.wp-embedded-content\"),r=0;r<s.length;r++)(t=(e=s[r]).getAttribute(\"data-secret\"))||(t=Math.random().toString(36).substring(2,12),e.src+=\"#?secret=\"+t,e.setAttribute(\"data-secret\",t)),e.contentWindow.postMessage({message:\"ready\",secret:t},\"*\")},!1)))}(window,document);\n\/\/# sourceURL=https:\/\/fjala.info\/2009-2015\/wp-includes\/js\/wp-embed.min.js\n\/* ]]> *\/\n<\/script>\n","description":"Nga: AFRIM KRASNIQI \u00c7do shtet ka nj\u00eb strategji t\u00eb siguris\u00eb komb\u00ebtare, p\u00ebrmes s\u00eb cil\u00ebs p\u00ebrcaktohen interesat dhe prioritetet kryesore t\u00eb politik\u00ebs s\u00eb jashtme, t\u00eb mbrojtjes dhe t\u00eb bashk\u00ebpunimit ekonomik. Ky dokument \u00ebsht\u00eb produkt i bashk\u00ebveprimit t\u00eb disa institucioneve kryesore kushtetuese, miratohet n\u00eb parlament dhe merret si udh\u00ebzues baz\u00eb p\u00ebr \u00e7do qeveri, t\u00eb majt\u00eb e t\u00eb [&hellip;]","thumbnail_url":"http:\/\/www.shkoder.net\/images\/fjala\/afrim_krasniqi.jpg"}