{"version":"1.0","provider_name":"FjALA e LIR\u00cb - Arkivi","provider_url":"https:\/\/fjala.info\/2009-2015","author_name":"admin","author_url":"https:\/\/fjala.info\/2009-2015\/author\/admin\/","title":"Kriza e ligj\u00ebrimit - FjALA e LIR\u00cb - Arkivi","type":"rich","width":600,"height":338,"html":"<blockquote class=\"wp-embedded-content\" data-secret=\"MYbT7d4bMJ\"><a href=\"https:\/\/fjala.info\/2009-2015\/kriza-e-ligjerimit\/\">Kriza e ligj\u00ebrimit<\/a><\/blockquote><iframe sandbox=\"allow-scripts\" security=\"restricted\" src=\"https:\/\/fjala.info\/2009-2015\/kriza-e-ligjerimit\/embed\/#?secret=MYbT7d4bMJ\" width=\"600\" height=\"338\" title=\"&#8220;Kriza e ligj\u00ebrimit&#8221; &#8212; FjALA e LIR\u00cb - Arkivi\" data-secret=\"MYbT7d4bMJ\" frameborder=\"0\" marginwidth=\"0\" marginheight=\"0\" scrolling=\"no\" class=\"wp-embedded-content\"><\/iframe><script type=\"text\/javascript\">\n\/* <![CDATA[ *\/\n\/*! This file is auto-generated *\/\n!function(d,l){\"use strict\";l.querySelector&&d.addEventListener&&\"undefined\"!=typeof URL&&(d.wp=d.wp||{},d.wp.receiveEmbedMessage||(d.wp.receiveEmbedMessage=function(e){var t=e.data;if((t||t.secret||t.message||t.value)&&!\/[^a-zA-Z0-9]\/.test(t.secret)){for(var s,r,n,a=l.querySelectorAll('iframe[data-secret=\"'+t.secret+'\"]'),o=l.querySelectorAll('blockquote[data-secret=\"'+t.secret+'\"]'),c=new RegExp(\"^https?:$\",\"i\"),i=0;i<o.length;i++)o[i].style.display=\"none\";for(i=0;i<a.length;i++)s=a[i],e.source===s.contentWindow&&(s.removeAttribute(\"style\"),\"height\"===t.message?(1e3<(r=parseInt(t.value,10))?r=1e3:~~r<200&&(r=200),s.height=r):\"link\"===t.message&&(r=new URL(s.getAttribute(\"src\")),n=new URL(t.value),c.test(n.protocol))&&n.host===r.host&&l.activeElement===s&&(d.top.location.href=t.value))}},d.addEventListener(\"message\",d.wp.receiveEmbedMessage,!1),l.addEventListener(\"DOMContentLoaded\",function(){for(var e,t,s=l.querySelectorAll(\"iframe.wp-embedded-content\"),r=0;r<s.length;r++)(t=(e=s[r]).getAttribute(\"data-secret\"))||(t=Math.random().toString(36).substring(2,12),e.src+=\"#?secret=\"+t,e.setAttribute(\"data-secret\",t)),e.contentWindow.postMessage({message:\"ready\",secret:t},\"*\")},!1)))}(window,document);\n\/\/# sourceURL=https:\/\/fjala.info\/2009-2015\/wp-includes\/js\/wp-embed.min.js\n\/* ]]> *\/\n<\/script>\n","description":"Arb\u00ebn Xhaferi, 23.10.2010 Humbja e besimit ndaj nj\u00eb ligj\u00ebrimi (diskursi) shoq\u00ebror, \u00ebsht\u00eb treguesi kryesor se nj\u00eb formacion shoq\u00ebror \u00ebsht\u00eb n\u00eb kriz\u00eb q\u00eb shum\u00eb shpejt p\u00ebrfundon me luft\u00eb qytetare, me kund\u00ebrth\u00ebnie t\u00eb pazgjidhshme etnike, religjioze, etike, kulturore. Fjal\u00ebt, simbolet q\u00eb dikur ishin faktor t\u00eb kohezionit shoq\u00ebror dhe pjes\u00eb e identitetit, e vet\u00ebdijes komb\u00ebtare, sesi fillojn\u00eb ta [&hellip;]","thumbnail_url":"http:\/\/fjala.shkoder.net\/wp-content\/uploads\/2010\/10\/xhaferi.jpg"}