{"version":"1.0","provider_name":"FjALA e LIR\u00cb - Arkivi","provider_url":"https:\/\/fjala.info\/2009-2015","author_name":"admin","author_url":"https:\/\/fjala.info\/2009-2015\/author\/admin\/","title":"Kosova dhe dialogu - FjALA e LIR\u00cb - Arkivi","type":"rich","width":600,"height":338,"html":"<blockquote class=\"wp-embedded-content\" data-secret=\"GzAfdGFh2L\"><a href=\"https:\/\/fjala.info\/2009-2015\/kosova-dhe-dialogu\/\">Kosova dhe dialogu<\/a><\/blockquote><iframe sandbox=\"allow-scripts\" security=\"restricted\" src=\"https:\/\/fjala.info\/2009-2015\/kosova-dhe-dialogu\/embed\/#?secret=GzAfdGFh2L\" width=\"600\" height=\"338\" title=\"&#8220;Kosova dhe dialogu&#8221; &#8212; FjALA e LIR\u00cb - Arkivi\" data-secret=\"GzAfdGFh2L\" frameborder=\"0\" marginwidth=\"0\" marginheight=\"0\" scrolling=\"no\" class=\"wp-embedded-content\"><\/iframe><script type=\"text\/javascript\">\n\/* <![CDATA[ *\/\n\/*! This file is auto-generated *\/\n!function(d,l){\"use strict\";l.querySelector&&d.addEventListener&&\"undefined\"!=typeof URL&&(d.wp=d.wp||{},d.wp.receiveEmbedMessage||(d.wp.receiveEmbedMessage=function(e){var t=e.data;if((t||t.secret||t.message||t.value)&&!\/[^a-zA-Z0-9]\/.test(t.secret)){for(var s,r,n,a=l.querySelectorAll('iframe[data-secret=\"'+t.secret+'\"]'),o=l.querySelectorAll('blockquote[data-secret=\"'+t.secret+'\"]'),c=new RegExp(\"^https?:$\",\"i\"),i=0;i<o.length;i++)o[i].style.display=\"none\";for(i=0;i<a.length;i++)s=a[i],e.source===s.contentWindow&&(s.removeAttribute(\"style\"),\"height\"===t.message?(1e3<(r=parseInt(t.value,10))?r=1e3:~~r<200&&(r=200),s.height=r):\"link\"===t.message&&(r=new URL(s.getAttribute(\"src\")),n=new URL(t.value),c.test(n.protocol))&&n.host===r.host&&l.activeElement===s&&(d.top.location.href=t.value))}},d.addEventListener(\"message\",d.wp.receiveEmbedMessage,!1),l.addEventListener(\"DOMContentLoaded\",function(){for(var e,t,s=l.querySelectorAll(\"iframe.wp-embedded-content\"),r=0;r<s.length;r++)(t=(e=s[r]).getAttribute(\"data-secret\"))||(t=Math.random().toString(36).substring(2,12),e.src+=\"#?secret=\"+t,e.setAttribute(\"data-secret\",t)),e.contentWindow.postMessage({message:\"ready\",secret:t},\"*\")},!1)))}(window,document);\n\/\/# sourceURL=https:\/\/fjala.info\/2009-2015\/wp-includes\/js\/wp-embed.min.js\n\/* ]]> *\/\n<\/script>\n","description":"Shkruan: Ndue UKAJ 1. Kosova ka problem me dialogun, madje pik\u00ebrisht nga mos aft\u00ebsia me dialogu kemi aq shum\u00eb probleme, kaq shum\u00eb pasiguri n\u00eb t\u00eb tashmen ton\u00eb, kaq shum\u00eb paqart\u00ebsi p\u00ebr t\u00eb ardhmen ton\u00eb, kaq shum\u00eb kriza t\u00eb brendshme dhe p\u00ebr\u00e7arje. Pik\u00ebrisht mos aft\u00ebsia p\u00ebr dialog t\u00eb brendsh\u00ebm e parimor, n\u00eb \u00e7\u00ebshtje kruciale t\u00eb kombit, [&hellip;]","thumbnail_url":"http:\/\/fjala.shkoder.net\/wp-content\/uploads\/2011\/03\/ndue_ukaj.jpg"}