{"version":"1.0","provider_name":"FjALA e LIR\u00cb - Arkivi","provider_url":"https:\/\/fjala.info\/2009-2015","author_name":"admin","author_url":"https:\/\/fjala.info\/2009-2015\/author\/admin\/","title":"Koloneli n\u00eb rezerv\u00eb, p\u00ebrball\u00eb shtetit dhe shoq\u00ebris\u00eb - FjALA e LIR\u00cb - Arkivi","type":"rich","width":600,"height":338,"html":"<blockquote class=\"wp-embedded-content\" data-secret=\"ASeuAgmcuH\"><a href=\"https:\/\/fjala.info\/2009-2015\/koloneli-ne-rezerve-perballe-shtetit-dhe-shoqerise\/\">Koloneli n\u00eb rezerv\u00eb, p\u00ebrball\u00eb shtetit dhe shoq\u00ebris\u00eb<\/a><\/blockquote><iframe sandbox=\"allow-scripts\" security=\"restricted\" src=\"https:\/\/fjala.info\/2009-2015\/koloneli-ne-rezerve-perballe-shtetit-dhe-shoqerise\/embed\/#?secret=ASeuAgmcuH\" width=\"600\" height=\"338\" title=\"&#8220;Koloneli n\u00eb rezerv\u00eb, p\u00ebrball\u00eb shtetit dhe shoq\u00ebris\u00eb&#8221; &#8212; FjALA e LIR\u00cb - Arkivi\" data-secret=\"ASeuAgmcuH\" frameborder=\"0\" marginwidth=\"0\" marginheight=\"0\" scrolling=\"no\" class=\"wp-embedded-content\"><\/iframe><script type=\"text\/javascript\">\n\/* <![CDATA[ *\/\n\/*! This file is auto-generated *\/\n!function(d,l){\"use strict\";l.querySelector&&d.addEventListener&&\"undefined\"!=typeof URL&&(d.wp=d.wp||{},d.wp.receiveEmbedMessage||(d.wp.receiveEmbedMessage=function(e){var t=e.data;if((t||t.secret||t.message||t.value)&&!\/[^a-zA-Z0-9]\/.test(t.secret)){for(var s,r,n,a=l.querySelectorAll('iframe[data-secret=\"'+t.secret+'\"]'),o=l.querySelectorAll('blockquote[data-secret=\"'+t.secret+'\"]'),c=new RegExp(\"^https?:$\",\"i\"),i=0;i<o.length;i++)o[i].style.display=\"none\";for(i=0;i<a.length;i++)s=a[i],e.source===s.contentWindow&&(s.removeAttribute(\"style\"),\"height\"===t.message?(1e3<(r=parseInt(t.value,10))?r=1e3:~~r<200&&(r=200),s.height=r):\"link\"===t.message&&(r=new URL(s.getAttribute(\"src\")),n=new URL(t.value),c.test(n.protocol))&&n.host===r.host&&l.activeElement===s&&(d.top.location.href=t.value))}},d.addEventListener(\"message\",d.wp.receiveEmbedMessage,!1),l.addEventListener(\"DOMContentLoaded\",function(){for(var e,t,s=l.querySelectorAll(\"iframe.wp-embedded-content\"),r=0;r<s.length;r++)(t=(e=s[r]).getAttribute(\"data-secret\"))||(t=Math.random().toString(36).substring(2,12),e.src+=\"#?secret=\"+t,e.setAttribute(\"data-secret\",t)),e.contentWindow.postMessage({message:\"ready\",secret:t},\"*\")},!1)))}(window,document);\n\/\/# sourceURL=https:\/\/fjala.info\/2009-2015\/wp-includes\/js\/wp-embed.min.js\n\/* ]]> *\/\n<\/script>\n","description":"Nga Mero Baze  Ka s\u00eb paku dy jav\u00eb q\u00eb opinioni publik shqiptar \u00ebsht\u00eb p\u00ebrfshir\u00eb n\u00eb nj\u00eb debat t\u00eb dobish\u00ebm rreth m\u00ebnyr\u00ebs se si qeveria shqiptare ka firmosur nj\u00eb marr\u00ebveshje dypal\u00ebshe me Greqin\u00eb p\u00ebr t\u2019i dhuruar asaj rreth 300 kilometra sip\u00ebrfaqe ujore dhe duke p\u00ebrjashtuar Shqip\u00ebrin\u00eb nga p\u00ebrfitimet q\u00eb mund t\u00eb kishte nga kontrolli mbi k\u00ebto territore. Nj\u00eb kolonel n\u00eb rezerv\u00eb, Myslym Pashaj, n\u00eb t\u00eb v\u00ebrtet\u00eb \u00ebsht\u00eb njeriu q\u00eb e ka v\u00ebn\u00eb n\u00eb l\u00ebvizje opinionin publik. Nuk \u00ebsht\u00eb as paranojak, as drejtues i ndonj\u00eb projekti q\u00eb pret p\u00ebrfitime. \u00cbsht\u00eb nj\u00eb specialist i hartografis\u00eb, i cili, edhe pse \u00ebsht\u00eb shkolluar n\u00eb periudh\u00ebn sovjetike t\u00eb Shqip\u00ebris\u00eb, njeh mir\u00eb hartat dixhitale dhe jep m\u00ebsim n\u00eb Universitetin e Shkencave","thumbnail_url":"http:\/\/www.shkoder.net\/images\/fjala\/mero.jpg"}