{"version":"1.0","provider_name":"FjALA e LIR\u00cb - Arkivi","provider_url":"https:\/\/fjala.info\/2009-2015","author_name":"admin","author_url":"https:\/\/fjala.info\/2009-2015\/author\/admin\/","title":"KJO \u00cbSHT\u00cb NJ\u00cb BOT\u00cb Q\u00cb HARRON - FjALA e LIR\u00cb - Arkivi","type":"rich","width":600,"height":338,"html":"<blockquote class=\"wp-embedded-content\" data-secret=\"ICBcS1s67Z\"><a href=\"https:\/\/fjala.info\/2009-2015\/kjo-eshte-nje-bote-qe-harron\/\">KJO \u00cbSHT\u00cb NJ\u00cb BOT\u00cb Q\u00cb HARRON<\/a><\/blockquote><iframe sandbox=\"allow-scripts\" security=\"restricted\" src=\"https:\/\/fjala.info\/2009-2015\/kjo-eshte-nje-bote-qe-harron\/embed\/#?secret=ICBcS1s67Z\" width=\"600\" height=\"338\" title=\"&#8220;KJO \u00cbSHT\u00cb NJ\u00cb BOT\u00cb Q\u00cb HARRON&#8221; &#8212; FjALA e LIR\u00cb - Arkivi\" data-secret=\"ICBcS1s67Z\" frameborder=\"0\" marginwidth=\"0\" marginheight=\"0\" scrolling=\"no\" class=\"wp-embedded-content\"><\/iframe><script type=\"text\/javascript\">\n\/* <![CDATA[ *\/\n\/*! This file is auto-generated *\/\n!function(d,l){\"use strict\";l.querySelector&&d.addEventListener&&\"undefined\"!=typeof URL&&(d.wp=d.wp||{},d.wp.receiveEmbedMessage||(d.wp.receiveEmbedMessage=function(e){var t=e.data;if((t||t.secret||t.message||t.value)&&!\/[^a-zA-Z0-9]\/.test(t.secret)){for(var s,r,n,a=l.querySelectorAll('iframe[data-secret=\"'+t.secret+'\"]'),o=l.querySelectorAll('blockquote[data-secret=\"'+t.secret+'\"]'),c=new RegExp(\"^https?:$\",\"i\"),i=0;i<o.length;i++)o[i].style.display=\"none\";for(i=0;i<a.length;i++)s=a[i],e.source===s.contentWindow&&(s.removeAttribute(\"style\"),\"height\"===t.message?(1e3<(r=parseInt(t.value,10))?r=1e3:~~r<200&&(r=200),s.height=r):\"link\"===t.message&&(r=new URL(s.getAttribute(\"src\")),n=new URL(t.value),c.test(n.protocol))&&n.host===r.host&&l.activeElement===s&&(d.top.location.href=t.value))}},d.addEventListener(\"message\",d.wp.receiveEmbedMessage,!1),l.addEventListener(\"DOMContentLoaded\",function(){for(var e,t,s=l.querySelectorAll(\"iframe.wp-embedded-content\"),r=0;r<s.length;r++)(t=(e=s[r]).getAttribute(\"data-secret\"))||(t=Math.random().toString(36).substring(2,12),e.src+=\"#?secret=\"+t,e.setAttribute(\"data-secret\",t)),e.contentWindow.postMessage({message:\"ready\",secret:t},\"*\")},!1)))}(window,document);\n\/\/# sourceURL=https:\/\/fjala.info\/2009-2015\/wp-includes\/js\/wp-embed.min.js\n\/* ]]> *\/\n<\/script>\n","description":"Artan Mullaj, 12.04.2011 N\u00ebse kujtesa jon\u00eb komb\u00ebtare \u00ebsht\u00eb e brisht\u00eb, supozimet se pushtimi shekullor otoman \u00ebsht\u00eb shkaku i saj dhe shkaku i munges\u00ebs s\u00eb historis\u00eb bie, po t\u00eb sjellim nd\u00ebrmend q\u00eb shqiptar\u00ebt nuk shquhen p\u00ebr kujtes\u00eb shembullore, as n\u00eb koh\u00ebn e re. Mbasi pushtoi periudh\u00ebn e komunizmit, mjegullnaja e historis\u00eb vazhdon e shtrihet deri n\u00eb [&hellip;]"}