{"version":"1.0","provider_name":"FjALA e LIR\u00cb - Arkivi","provider_url":"https:\/\/fjala.info\/2009-2015","author_name":"admin","author_url":"https:\/\/fjala.info\/2009-2015\/author\/admin\/","title":"K\u00ebt\u00eb qeverisje e mbron \u201cfaji kolektiv\u201d - FjALA e LIR\u00cb - Arkivi","type":"rich","width":600,"height":338,"html":"<blockquote class=\"wp-embedded-content\" data-secret=\"a6mKRLC6ll\"><a href=\"https:\/\/fjala.info\/2009-2015\/kete-qeverisje-e-mbron-faji-kolektiv\/\">K\u00ebt\u00eb qeverisje e mbron \u201cfaji kolektiv\u201d<\/a><\/blockquote><iframe sandbox=\"allow-scripts\" security=\"restricted\" src=\"https:\/\/fjala.info\/2009-2015\/kete-qeverisje-e-mbron-faji-kolektiv\/embed\/#?secret=a6mKRLC6ll\" width=\"600\" height=\"338\" title=\"&#8220;K\u00ebt\u00eb qeverisje e mbron \u201cfaji kolektiv\u201d&#8221; &#8212; FjALA e LIR\u00cb - Arkivi\" data-secret=\"a6mKRLC6ll\" frameborder=\"0\" marginwidth=\"0\" marginheight=\"0\" scrolling=\"no\" class=\"wp-embedded-content\"><\/iframe><script type=\"text\/javascript\">\n\/* <![CDATA[ *\/\n\/*! This file is auto-generated *\/\n!function(d,l){\"use strict\";l.querySelector&&d.addEventListener&&\"undefined\"!=typeof URL&&(d.wp=d.wp||{},d.wp.receiveEmbedMessage||(d.wp.receiveEmbedMessage=function(e){var t=e.data;if((t||t.secret||t.message||t.value)&&!\/[^a-zA-Z0-9]\/.test(t.secret)){for(var s,r,n,a=l.querySelectorAll('iframe[data-secret=\"'+t.secret+'\"]'),o=l.querySelectorAll('blockquote[data-secret=\"'+t.secret+'\"]'),c=new RegExp(\"^https?:$\",\"i\"),i=0;i<o.length;i++)o[i].style.display=\"none\";for(i=0;i<a.length;i++)s=a[i],e.source===s.contentWindow&&(s.removeAttribute(\"style\"),\"height\"===t.message?(1e3<(r=parseInt(t.value,10))?r=1e3:~~r<200&&(r=200),s.height=r):\"link\"===t.message&&(r=new URL(s.getAttribute(\"src\")),n=new URL(t.value),c.test(n.protocol))&&n.host===r.host&&l.activeElement===s&&(d.top.location.href=t.value))}},d.addEventListener(\"message\",d.wp.receiveEmbedMessage,!1),l.addEventListener(\"DOMContentLoaded\",function(){for(var e,t,s=l.querySelectorAll(\"iframe.wp-embedded-content\"),r=0;r<s.length;r++)(t=(e=s[r]).getAttribute(\"data-secret\"))||(t=Math.random().toString(36).substring(2,12),e.src+=\"#?secret=\"+t,e.setAttribute(\"data-secret\",t)),e.contentWindow.postMessage({message:\"ready\",secret:t},\"*\")},!1)))}(window,document);\n\/\/# sourceURL=https:\/\/fjala.info\/2009-2015\/wp-includes\/js\/wp-embed.min.js\n\/* ]]> *\/\n<\/script>\n","description":"Nga Besnik Gjongecaj N\u00eb nj\u00eb sistem demokratik, qoft\u00eb edhe sa p\u00ebr sy e faqe si ky i yni, b\u00ebhet e pamundur, t\u00eb pakt\u00ebn publikisht, t\u00eb kryesh nj\u00eb d\u00ebnim kolektiv, si n\u00eb pik\u00ebpamjen ligjore, ashtu edhe n\u00eb \u00e7do pik\u00ebpamje tjet\u00ebr. Pamund\u00ebsia p\u00ebr t\u00eb aplikuar d\u00ebnimin kolektiv, d.m.th., pamund\u00ebsia p\u00ebr t\u00eb pranuar natyr\u00ebn kolektive t\u00eb fajit dhe [&hellip;]"}