{"version":"1.0","provider_name":"FjALA e LIR\u00cb - Arkivi","provider_url":"https:\/\/fjala.info\/2009-2015","author_name":"admin","author_url":"https:\/\/fjala.info\/2009-2015\/author\/admin\/","title":"K\u00ebshillat p\u00ebr t\u00eb ndalur r\u00ebnien e flok\u00ebve - FjALA e LIR\u00cb - Arkivi","type":"rich","width":600,"height":338,"html":"<blockquote class=\"wp-embedded-content\" data-secret=\"wezpU4DPQP\"><a href=\"https:\/\/fjala.info\/2009-2015\/keshillat-per-te-ndalur-renien-e-flokeve\/\">K\u00ebshillat p\u00ebr t\u00eb ndalur r\u00ebnien e flok\u00ebve<\/a><\/blockquote><iframe sandbox=\"allow-scripts\" security=\"restricted\" src=\"https:\/\/fjala.info\/2009-2015\/keshillat-per-te-ndalur-renien-e-flokeve\/embed\/#?secret=wezpU4DPQP\" width=\"600\" height=\"338\" title=\"&#8220;K\u00ebshillat p\u00ebr t\u00eb ndalur r\u00ebnien e flok\u00ebve&#8221; &#8212; FjALA e LIR\u00cb - Arkivi\" data-secret=\"wezpU4DPQP\" frameborder=\"0\" marginwidth=\"0\" marginheight=\"0\" scrolling=\"no\" class=\"wp-embedded-content\"><\/iframe><script type=\"text\/javascript\">\n\/* <![CDATA[ *\/\n\/*! This file is auto-generated *\/\n!function(d,l){\"use strict\";l.querySelector&&d.addEventListener&&\"undefined\"!=typeof URL&&(d.wp=d.wp||{},d.wp.receiveEmbedMessage||(d.wp.receiveEmbedMessage=function(e){var t=e.data;if((t||t.secret||t.message||t.value)&&!\/[^a-zA-Z0-9]\/.test(t.secret)){for(var s,r,n,a=l.querySelectorAll('iframe[data-secret=\"'+t.secret+'\"]'),o=l.querySelectorAll('blockquote[data-secret=\"'+t.secret+'\"]'),c=new RegExp(\"^https?:$\",\"i\"),i=0;i<o.length;i++)o[i].style.display=\"none\";for(i=0;i<a.length;i++)s=a[i],e.source===s.contentWindow&&(s.removeAttribute(\"style\"),\"height\"===t.message?(1e3<(r=parseInt(t.value,10))?r=1e3:~~r<200&&(r=200),s.height=r):\"link\"===t.message&&(r=new URL(s.getAttribute(\"src\")),n=new URL(t.value),c.test(n.protocol))&&n.host===r.host&&l.activeElement===s&&(d.top.location.href=t.value))}},d.addEventListener(\"message\",d.wp.receiveEmbedMessage,!1),l.addEventListener(\"DOMContentLoaded\",function(){for(var e,t,s=l.querySelectorAll(\"iframe.wp-embedded-content\"),r=0;r<s.length;r++)(t=(e=s[r]).getAttribute(\"data-secret\"))||(t=Math.random().toString(36).substring(2,12),e.src+=\"#?secret=\"+t,e.setAttribute(\"data-secret\",t)),e.contentWindow.postMessage({message:\"ready\",secret:t},\"*\")},!1)))}(window,document);\n\/\/# sourceURL=https:\/\/fjala.info\/2009-2015\/wp-includes\/js\/wp-embed.min.js\n\/* ]]> *\/\n<\/script>\n","description":"R\u00ebnia e flok\u00ebve prek miliona njer\u00ebz n\u00eb t\u00eb gjith\u00eb bot\u00ebn, por sot \u00ebsht\u00eb nj\u00eb fenomen q\u00eb mund t\u00eb luftohet Gjene dhe qeliza staminale. Jan\u00eb k\u00ebto fjal\u00ebt magjike p\u00ebr miliona njer\u00ebz, q\u00eb deri m\u00eb sot shkenca nuk ka arritur t\u2019u jap\u00eb asnj\u00eb lloj shpjegimi p\u00ebr r\u00ebnien e flok\u00ebve. Studimet e nisura vite m\u00eb par\u00eb, m\u00eb n\u00eb [&hellip;]"}