{"version":"1.0","provider_name":"FjALA e LIR\u00cb - Arkivi","provider_url":"https:\/\/fjala.info\/2009-2015","author_name":"admin","author_url":"https:\/\/fjala.info\/2009-2015\/author\/admin\/","title":"Kantrimen lexon gabim Shqiperin\u00eb - FjALA e LIR\u00cb - Arkivi","type":"rich","width":600,"height":338,"html":"<blockquote class=\"wp-embedded-content\" data-secret=\"xgexthZUcY\"><a href=\"https:\/\/fjala.info\/2009-2015\/kantrimen-lexon-gabim-shqiperine\/\">Kantrimen lexon gabim Shqiperin\u00eb<\/a><\/blockquote><iframe sandbox=\"allow-scripts\" security=\"restricted\" src=\"https:\/\/fjala.info\/2009-2015\/kantrimen-lexon-gabim-shqiperine\/embed\/#?secret=xgexthZUcY\" width=\"600\" height=\"338\" title=\"&#8220;Kantrimen lexon gabim Shqiperin\u00eb&#8221; &#8212; FjALA e LIR\u00cb - Arkivi\" data-secret=\"xgexthZUcY\" frameborder=\"0\" marginwidth=\"0\" marginheight=\"0\" scrolling=\"no\" class=\"wp-embedded-content\"><\/iframe><script type=\"text\/javascript\">\n\/* <![CDATA[ *\/\n\/*! This file is auto-generated *\/\n!function(d,l){\"use strict\";l.querySelector&&d.addEventListener&&\"undefined\"!=typeof URL&&(d.wp=d.wp||{},d.wp.receiveEmbedMessage||(d.wp.receiveEmbedMessage=function(e){var t=e.data;if((t||t.secret||t.message||t.value)&&!\/[^a-zA-Z0-9]\/.test(t.secret)){for(var s,r,n,a=l.querySelectorAll('iframe[data-secret=\"'+t.secret+'\"]'),o=l.querySelectorAll('blockquote[data-secret=\"'+t.secret+'\"]'),c=new RegExp(\"^https?:$\",\"i\"),i=0;i<o.length;i++)o[i].style.display=\"none\";for(i=0;i<a.length;i++)s=a[i],e.source===s.contentWindow&&(s.removeAttribute(\"style\"),\"height\"===t.message?(1e3<(r=parseInt(t.value,10))?r=1e3:~~r<200&&(r=200),s.height=r):\"link\"===t.message&&(r=new URL(s.getAttribute(\"src\")),n=new URL(t.value),c.test(n.protocol))&&n.host===r.host&&l.activeElement===s&&(d.top.location.href=t.value))}},d.addEventListener(\"message\",d.wp.receiveEmbedMessage,!1),l.addEventListener(\"DOMContentLoaded\",function(){for(var e,t,s=l.querySelectorAll(\"iframe.wp-embedded-content\"),r=0;r<s.length;r++)(t=(e=s[r]).getAttribute(\"data-secret\"))||(t=Math.random().toString(36).substring(2,12),e.src+=\"#?secret=\"+t,e.setAttribute(\"data-secret\",t)),e.contentWindow.postMessage({message:\"ready\",secret:t},\"*\")},!1)))}(window,document);\n\/\/# sourceURL=https:\/\/fjala.info\/2009-2015\/wp-includes\/js\/wp-embed.min.js\n\/* ]]> *\/\n<\/script>\n","description":"Nga Andrea Stefani Mediat vet\u00ebm e kan\u00eb raportuar, por thuajse nuk i kan\u00eb komentuar ato q\u00eb Tom Kantrimen, zv\/ndihm\u00ebs-sekretar i Byros\u00eb p\u00ebr \u00c7\u00ebshtjet Europiane dhe Euroaziatike, ka th\u00ebn\u00eb n\u00eb nj\u00eb intervist\u00eb p\u00ebr zhvillimet politike m\u00eb t\u00eb fundme n\u00eb Shqip\u00ebri. P\u00ebrse kjo heshtje, aq m\u00eb shum\u00eb nga krahu opozitar, q\u00eb ka arsye t\u00eb tregohet i pak\u00ebnaqur? [&hellip;]","thumbnail_url":"http:\/\/fjala.shkoder.net\/wp-content\/uploads\/2011\/01\/tom_countrymen.jpg"}