{"version":"1.0","provider_name":"FjALA e LIR\u00cb - Arkivi","provider_url":"https:\/\/fjala.info\/2009-2015","author_name":"admin","author_url":"https:\/\/fjala.info\/2009-2015\/author\/admin\/","title":"Kah \u00ebsht\u00eb e ardhmja e shqiptar\u00ebve? - FjALA e LIR\u00cb - Arkivi","type":"rich","width":600,"height":338,"html":"<blockquote class=\"wp-embedded-content\" data-secret=\"0wNh9dsM1E\"><a href=\"https:\/\/fjala.info\/2009-2015\/kah-eshte-e-ardhmja-e-shqiptareve\/\">Kah \u00ebsht\u00eb e ardhmja e shqiptar\u00ebve?<\/a><\/blockquote><iframe sandbox=\"allow-scripts\" security=\"restricted\" src=\"https:\/\/fjala.info\/2009-2015\/kah-eshte-e-ardhmja-e-shqiptareve\/embed\/#?secret=0wNh9dsM1E\" width=\"600\" height=\"338\" title=\"&#8220;Kah \u00ebsht\u00eb e ardhmja e shqiptar\u00ebve?&#8221; &#8212; FjALA e LIR\u00cb - Arkivi\" data-secret=\"0wNh9dsM1E\" frameborder=\"0\" marginwidth=\"0\" marginheight=\"0\" scrolling=\"no\" class=\"wp-embedded-content\"><\/iframe><script type=\"text\/javascript\">\n\/* <![CDATA[ *\/\n\/*! This file is auto-generated *\/\n!function(d,l){\"use strict\";l.querySelector&&d.addEventListener&&\"undefined\"!=typeof URL&&(d.wp=d.wp||{},d.wp.receiveEmbedMessage||(d.wp.receiveEmbedMessage=function(e){var t=e.data;if((t||t.secret||t.message||t.value)&&!\/[^a-zA-Z0-9]\/.test(t.secret)){for(var s,r,n,a=l.querySelectorAll('iframe[data-secret=\"'+t.secret+'\"]'),o=l.querySelectorAll('blockquote[data-secret=\"'+t.secret+'\"]'),c=new RegExp(\"^https?:$\",\"i\"),i=0;i<o.length;i++)o[i].style.display=\"none\";for(i=0;i<a.length;i++)s=a[i],e.source===s.contentWindow&&(s.removeAttribute(\"style\"),\"height\"===t.message?(1e3<(r=parseInt(t.value,10))?r=1e3:~~r<200&&(r=200),s.height=r):\"link\"===t.message&&(r=new URL(s.getAttribute(\"src\")),n=new URL(t.value),c.test(n.protocol))&&n.host===r.host&&l.activeElement===s&&(d.top.location.href=t.value))}},d.addEventListener(\"message\",d.wp.receiveEmbedMessage,!1),l.addEventListener(\"DOMContentLoaded\",function(){for(var e,t,s=l.querySelectorAll(\"iframe.wp-embedded-content\"),r=0;r<s.length;r++)(t=(e=s[r]).getAttribute(\"data-secret\"))||(t=Math.random().toString(36).substring(2,12),e.src+=\"#?secret=\"+t,e.setAttribute(\"data-secret\",t)),e.contentWindow.postMessage({message:\"ready\",secret:t},\"*\")},!1)))}(window,document);\n\/\/# sourceURL=https:\/\/fjala.info\/2009-2015\/wp-includes\/js\/wp-embed.min.js\n\/* ]]> *\/\n<\/script>\n","description":"Ndue Ukaj Gjat\u00eb pushtimit osman, p\u00ebr pes\u00eb shekuj shqiptar\u00ebve iu mohua liria, fjala dhe zhvillimi normal. Dhe jo vet\u00ebm kaq. At\u00eb p\u00ebrjetuan akulturim, zvet\u00ebnim moral dhe p\u00ebrkund\u00ebr p\u00ebrpjekjeve vetmohuese p\u00ebr mbijetes\u00eb, kur shkoi Perandoria Osmane, ata mbeten pa shkolla, pa tempuj bukurie, pa universitet dhe pa ndonj\u00eb atmosfer\u00eb t\u00eb sh\u00ebndosh\u00eb komb\u00ebtare. Po ashtu, administrata e [&hellip;]","thumbnail_url":"http:\/\/www.fjala.info\/2012\/ndue_ukaj.jpg"}