{"version":"1.0","provider_name":"FjALA e LIR\u00cb - Arkivi","provider_url":"https:\/\/fjala.info\/2009-2015","author_name":"admin","author_url":"https:\/\/fjala.info\/2009-2015\/author\/admin\/","title":"\u201cJo\u201d Shqip\u00ebris\u00eb q\u00eb ik\u00ebn, mpaket dhe plaket - FjALA e LIR\u00cb - Arkivi","type":"rich","width":600,"height":338,"html":"<blockquote class=\"wp-embedded-content\" data-secret=\"ZPPfnq0Aos\"><a href=\"https:\/\/fjala.info\/2009-2015\/jo-shqiperise-qe-iken-mpaket-dhe-plaket\/\">\u201cJo\u201d Shqip\u00ebris\u00eb q\u00eb ik\u00ebn, mpaket dhe plaket<\/a><\/blockquote><iframe sandbox=\"allow-scripts\" security=\"restricted\" src=\"https:\/\/fjala.info\/2009-2015\/jo-shqiperise-qe-iken-mpaket-dhe-plaket\/embed\/#?secret=ZPPfnq0Aos\" width=\"600\" height=\"338\" title=\"&#8220;\u201cJo\u201d Shqip\u00ebris\u00eb q\u00eb ik\u00ebn, mpaket dhe plaket&#8221; &#8212; FjALA e LIR\u00cb - Arkivi\" data-secret=\"ZPPfnq0Aos\" frameborder=\"0\" marginwidth=\"0\" marginheight=\"0\" scrolling=\"no\" class=\"wp-embedded-content\"><\/iframe><script type=\"text\/javascript\">\n\/* <![CDATA[ *\/\n\/*! This file is auto-generated *\/\n!function(d,l){\"use strict\";l.querySelector&&d.addEventListener&&\"undefined\"!=typeof URL&&(d.wp=d.wp||{},d.wp.receiveEmbedMessage||(d.wp.receiveEmbedMessage=function(e){var t=e.data;if((t||t.secret||t.message||t.value)&&!\/[^a-zA-Z0-9]\/.test(t.secret)){for(var s,r,n,a=l.querySelectorAll('iframe[data-secret=\"'+t.secret+'\"]'),o=l.querySelectorAll('blockquote[data-secret=\"'+t.secret+'\"]'),c=new RegExp(\"^https?:$\",\"i\"),i=0;i<o.length;i++)o[i].style.display=\"none\";for(i=0;i<a.length;i++)s=a[i],e.source===s.contentWindow&&(s.removeAttribute(\"style\"),\"height\"===t.message?(1e3<(r=parseInt(t.value,10))?r=1e3:~~r<200&&(r=200),s.height=r):\"link\"===t.message&&(r=new URL(s.getAttribute(\"src\")),n=new URL(t.value),c.test(n.protocol))&&n.host===r.host&&l.activeElement===s&&(d.top.location.href=t.value))}},d.addEventListener(\"message\",d.wp.receiveEmbedMessage,!1),l.addEventListener(\"DOMContentLoaded\",function(){for(var e,t,s=l.querySelectorAll(\"iframe.wp-embedded-content\"),r=0;r<s.length;r++)(t=(e=s[r]).getAttribute(\"data-secret\"))||(t=Math.random().toString(36).substring(2,12),e.src+=\"#?secret=\"+t,e.setAttribute(\"data-secret\",t)),e.contentWindow.postMessage({message:\"ready\",secret:t},\"*\")},!1)))}(window,document);\n\/\/# sourceURL=https:\/\/fjala.info\/2009-2015\/wp-includes\/js\/wp-embed.min.js\n\/* ]]> *\/\n<\/script>\n","description":"Tranzicioni demografik n\u00eb programin socialist Ilir Beqja, Kosta Barjaba, 18.01.2012 Paralel me tranzicionin politik dhe ekonomik, Shqip\u00ebria po p\u00ebrjeton edhe nj\u00eb tranzicion demografik. Ky proces filloi n\u00eb kushtet kur Shqip\u00ebria, ndryshe nga mjaft vende t\u00eb rajonit, zot\u00ebronte nj\u00eb \u201cdhurat\u00eb\u201d demografike. Kjo \u201cdhurat\u00eb\u201d mund t\u00eb mbetej e till\u00eb, por mund t\u00eb shnd\u00ebrrohej edhe n\u00eb nj\u00eb rrezik [&hellip;]"}