{"version":"1.0","provider_name":"FjALA e LIR\u00cb - Arkivi","provider_url":"https:\/\/fjala.info\/2009-2015","author_name":"admin","author_url":"https:\/\/fjala.info\/2009-2015\/author\/admin\/","title":"ILIR\u00cbT QEN\u00cb T\u00cb PAR\u00cbT N\u00cb EVROP\u00cb - poezi - FjALA e LIR\u00cb - Arkivi","type":"rich","width":600,"height":338,"html":"<blockquote class=\"wp-embedded-content\" data-secret=\"BVAJMrviaO\"><a href=\"https:\/\/fjala.info\/2009-2015\/iliret-qene-te-paret-ne-evrope-poezi\/\">ILIR\u00cbT QEN\u00cb T\u00cb PAR\u00cbT N\u00cb EVROP\u00cb &#8211; poezi<\/a><\/blockquote><iframe sandbox=\"allow-scripts\" security=\"restricted\" src=\"https:\/\/fjala.info\/2009-2015\/iliret-qene-te-paret-ne-evrope-poezi\/embed\/#?secret=BVAJMrviaO\" width=\"600\" height=\"338\" title=\"&#8220;ILIR\u00cbT QEN\u00cb T\u00cb PAR\u00cbT N\u00cb EVROP\u00cb &#8211; poezi&#8221; &#8212; FjALA e LIR\u00cb - Arkivi\" data-secret=\"BVAJMrviaO\" frameborder=\"0\" marginwidth=\"0\" marginheight=\"0\" scrolling=\"no\" class=\"wp-embedded-content\"><\/iframe><script type=\"text\/javascript\">\n\/* <![CDATA[ *\/\n\/*! This file is auto-generated *\/\n!function(d,l){\"use strict\";l.querySelector&&d.addEventListener&&\"undefined\"!=typeof URL&&(d.wp=d.wp||{},d.wp.receiveEmbedMessage||(d.wp.receiveEmbedMessage=function(e){var t=e.data;if((t||t.secret||t.message||t.value)&&!\/[^a-zA-Z0-9]\/.test(t.secret)){for(var s,r,n,a=l.querySelectorAll('iframe[data-secret=\"'+t.secret+'\"]'),o=l.querySelectorAll('blockquote[data-secret=\"'+t.secret+'\"]'),c=new RegExp(\"^https?:$\",\"i\"),i=0;i<o.length;i++)o[i].style.display=\"none\";for(i=0;i<a.length;i++)s=a[i],e.source===s.contentWindow&&(s.removeAttribute(\"style\"),\"height\"===t.message?(1e3<(r=parseInt(t.value,10))?r=1e3:~~r<200&&(r=200),s.height=r):\"link\"===t.message&&(r=new URL(s.getAttribute(\"src\")),n=new URL(t.value),c.test(n.protocol))&&n.host===r.host&&l.activeElement===s&&(d.top.location.href=t.value))}},d.addEventListener(\"message\",d.wp.receiveEmbedMessage,!1),l.addEventListener(\"DOMContentLoaded\",function(){for(var e,t,s=l.querySelectorAll(\"iframe.wp-embedded-content\"),r=0;r<s.length;r++)(t=(e=s[r]).getAttribute(\"data-secret\"))||(t=Math.random().toString(36).substring(2,12),e.src+=\"#?secret=\"+t,e.setAttribute(\"data-secret\",t)),e.contentWindow.postMessage({message:\"ready\",secret:t},\"*\")},!1)))}(window,document);\n\/\/# sourceURL=https:\/\/fjala.info\/2009-2015\/wp-includes\/js\/wp-embed.min.js\n\/* ]]> *\/\n<\/script>\n","description":"Brahim AVDYLI: (ILIR\u00cbT QEN\u00cb T\u00cb PAR\u00cbT N\u00cb EVROP\u00cb) DOR\u00cb MBI ZEM\u00cbR Kur vendos dor\u00ebn mbi zem\u00ebr t\u00eb gjith\u00eb popujt e kuptojn\u00eb, i p\u00ebrkulen asaj q\u00eb e rrah jet\u00ebn deri sa marrim frym\u00eb. Krijuesi i madh e ka n\u00eb dor\u00eb ate q\u00eb dashuron me ndenj\u00eb t\u00eb holl\u00eb. E madhe \u00ebsht\u00eb bota p\u00ebr barkushet e vogla q\u00eb [&hellip;]","thumbnail_url":"http:\/\/www.fjala.info\/2012\/brahim_avdyli.jpg"}