{"version":"1.0","provider_name":"FjALA e LIR\u00cb - Arkivi","provider_url":"https:\/\/fjala.info\/2009-2015","author_name":"admin","author_url":"https:\/\/fjala.info\/2009-2015\/author\/admin\/","title":"GLLASNOST! - FjALA e LIR\u00cb - Arkivi","type":"rich","width":600,"height":338,"html":"<blockquote class=\"wp-embedded-content\" data-secret=\"wG5iLiS0zJ\"><a href=\"https:\/\/fjala.info\/2009-2015\/gllasnost\/\">GLLASNOST!<\/a><\/blockquote><iframe sandbox=\"allow-scripts\" security=\"restricted\" src=\"https:\/\/fjala.info\/2009-2015\/gllasnost\/embed\/#?secret=wG5iLiS0zJ\" width=\"600\" height=\"338\" title=\"&#8220;GLLASNOST!&#8221; &#8212; FjALA e LIR\u00cb - Arkivi\" data-secret=\"wG5iLiS0zJ\" frameborder=\"0\" marginwidth=\"0\" marginheight=\"0\" scrolling=\"no\" class=\"wp-embedded-content\"><\/iframe><script type=\"text\/javascript\">\n\/* <![CDATA[ *\/\n\/*! This file is auto-generated *\/\n!function(d,l){\"use strict\";l.querySelector&&d.addEventListener&&\"undefined\"!=typeof URL&&(d.wp=d.wp||{},d.wp.receiveEmbedMessage||(d.wp.receiveEmbedMessage=function(e){var t=e.data;if((t||t.secret||t.message||t.value)&&!\/[^a-zA-Z0-9]\/.test(t.secret)){for(var s,r,n,a=l.querySelectorAll('iframe[data-secret=\"'+t.secret+'\"]'),o=l.querySelectorAll('blockquote[data-secret=\"'+t.secret+'\"]'),c=new RegExp(\"^https?:$\",\"i\"),i=0;i<o.length;i++)o[i].style.display=\"none\";for(i=0;i<a.length;i++)s=a[i],e.source===s.contentWindow&&(s.removeAttribute(\"style\"),\"height\"===t.message?(1e3<(r=parseInt(t.value,10))?r=1e3:~~r<200&&(r=200),s.height=r):\"link\"===t.message&&(r=new URL(s.getAttribute(\"src\")),n=new URL(t.value),c.test(n.protocol))&&n.host===r.host&&l.activeElement===s&&(d.top.location.href=t.value))}},d.addEventListener(\"message\",d.wp.receiveEmbedMessage,!1),l.addEventListener(\"DOMContentLoaded\",function(){for(var e,t,s=l.querySelectorAll(\"iframe.wp-embedded-content\"),r=0;r<s.length;r++)(t=(e=s[r]).getAttribute(\"data-secret\"))||(t=Math.random().toString(36).substring(2,12),e.src+=\"#?secret=\"+t,e.setAttribute(\"data-secret\",t)),e.contentWindow.postMessage({message:\"ready\",secret:t},\"*\")},!1)))}(window,document);\n\/\/# sourceURL=https:\/\/fjala.info\/2009-2015\/wp-includes\/js\/wp-embed.min.js\n\/* ]]> *\/\n<\/script>\n","description":"Andrea Stefani, 14 Maj 2010 Dy dekada m\u00eb par\u00eb Europa mb\u00ebshteti pa rezerva Gllasnostin n\u00eb Mosk\u00eb, por sot ngurron ta b\u00ebj\u00eb nj\u00eb gj\u00eb t\u00eb till\u00eb n\u00eb Tiran\u00eb. Hap shum\u00eb probleme? Por mos \u00ebsht\u00eb edhe m\u00eb problematike nj\u00eb kriz\u00eb pa fund pik\u00ebrisht p\u00ebr shkak t\u00eb munges\u00ebs s\u00eb transparenc\u00ebs? Brukseli duket nuk po nxjerr m\u00ebsimet e duhura [&hellip;]","thumbnail_url":"http:\/\/www.shkoder.net\/images\/fjala\/andrea_stefani.jpg"}