{"version":"1.0","provider_name":"FjALA e LIR\u00cb - Arkivi","provider_url":"https:\/\/fjala.info\/2009-2015","author_name":"admin","author_url":"https:\/\/fjala.info\/2009-2015\/author\/admin\/","title":"Gjiri i Vlor\u00ebs dhe ambicia p\u00ebr zhvillim - FjALA e LIR\u00cb - Arkivi","type":"rich","width":600,"height":338,"html":"<blockquote class=\"wp-embedded-content\" data-secret=\"ZouygASeIH\"><a href=\"https:\/\/fjala.info\/2009-2015\/gjiri-i-vlores-dhe-ambicia-per-zhvillim\/\">Gjiri i Vlor\u00ebs dhe ambicia p\u00ebr zhvillim<\/a><\/blockquote><iframe sandbox=\"allow-scripts\" security=\"restricted\" src=\"https:\/\/fjala.info\/2009-2015\/gjiri-i-vlores-dhe-ambicia-per-zhvillim\/embed\/#?secret=ZouygASeIH\" width=\"600\" height=\"338\" title=\"&#8220;Gjiri i Vlor\u00ebs dhe ambicia p\u00ebr zhvillim&#8221; &#8212; FjALA e LIR\u00cb - Arkivi\" data-secret=\"ZouygASeIH\" frameborder=\"0\" marginwidth=\"0\" marginheight=\"0\" scrolling=\"no\" class=\"wp-embedded-content\"><\/iframe><script type=\"text\/javascript\">\n\/* <![CDATA[ *\/\n\/*! This file is auto-generated *\/\n!function(d,l){\"use strict\";l.querySelector&&d.addEventListener&&\"undefined\"!=typeof URL&&(d.wp=d.wp||{},d.wp.receiveEmbedMessage||(d.wp.receiveEmbedMessage=function(e){var t=e.data;if((t||t.secret||t.message||t.value)&&!\/[^a-zA-Z0-9]\/.test(t.secret)){for(var s,r,n,a=l.querySelectorAll('iframe[data-secret=\"'+t.secret+'\"]'),o=l.querySelectorAll('blockquote[data-secret=\"'+t.secret+'\"]'),c=new RegExp(\"^https?:$\",\"i\"),i=0;i<o.length;i++)o[i].style.display=\"none\";for(i=0;i<a.length;i++)s=a[i],e.source===s.contentWindow&&(s.removeAttribute(\"style\"),\"height\"===t.message?(1e3<(r=parseInt(t.value,10))?r=1e3:~~r<200&&(r=200),s.height=r):\"link\"===t.message&&(r=new URL(s.getAttribute(\"src\")),n=new URL(t.value),c.test(n.protocol))&&n.host===r.host&&l.activeElement===s&&(d.top.location.href=t.value))}},d.addEventListener(\"message\",d.wp.receiveEmbedMessage,!1),l.addEventListener(\"DOMContentLoaded\",function(){for(var e,t,s=l.querySelectorAll(\"iframe.wp-embedded-content\"),r=0;r<s.length;r++)(t=(e=s[r]).getAttribute(\"data-secret\"))||(t=Math.random().toString(36).substring(2,12),e.src+=\"#?secret=\"+t,e.setAttribute(\"data-secret\",t)),e.contentWindow.postMessage({message:\"ready\",secret:t},\"*\")},!1)))}(window,document);\n\/\/# sourceURL=https:\/\/fjala.info\/2009-2015\/wp-includes\/js\/wp-embed.min.js\n\/* ]]> *\/\n<\/script>\n","description":"Analiza NGA PRE\u00c7 ZOGAJ\/NGA ING. XHEVAIR NGJEQARI, 17 Mars 2013 N\u00eb vijim t\u00eb projektit \u201cT\u00eb zgjojm\u00eb detin nga gjumi\u201d, q\u00eb startoi nj\u00eb jav\u00eb m\u00eb par\u00eb n\u00eb gazet\u00ebn \u201cShqiptarja.com\u201d me nj\u00eb artikull kushtuar portit t\u00eb ri t\u00eb Sh\u00ebngjinit, k\u00ebsaj rradhe do t\u00eb fokusohemi n\u00eb gjirin e Vlor\u00ebs, i cili p\u00ebrb\u00ebn jasht\u00eb \u00e7do krahasimi mund\u00ebsin\u00eb e nd\u00ebrtimit [&hellip;]","thumbnail_url":"http:\/\/www.fjala.info\/2013\/zogaj_ngjeqari.jpg"}