{"version":"1.0","provider_name":"FjALA e LIR\u00cb - Arkivi","provider_url":"https:\/\/fjala.info\/2009-2015","author_name":"admin","author_url":"https:\/\/fjala.info\/2009-2015\/author\/admin\/","title":"Fashizmi islamik apo shpata e Kalifit Islamik - FjALA e LIR\u00cb - Arkivi","type":"rich","width":600,"height":338,"html":"<blockquote class=\"wp-embedded-content\" data-secret=\"DoMv5TGCkq\"><a href=\"https:\/\/fjala.info\/2009-2015\/fashizmi-islamik-apo-shpata-e-kalifit-islamik\/\">Fashizmi islamik apo shpata e Kalifit Islamik<\/a><\/blockquote><iframe sandbox=\"allow-scripts\" security=\"restricted\" src=\"https:\/\/fjala.info\/2009-2015\/fashizmi-islamik-apo-shpata-e-kalifit-islamik\/embed\/#?secret=DoMv5TGCkq\" width=\"600\" height=\"338\" title=\"&#8220;Fashizmi islamik apo shpata e Kalifit Islamik&#8221; &#8212; FjALA e LIR\u00cb - Arkivi\" data-secret=\"DoMv5TGCkq\" frameborder=\"0\" marginwidth=\"0\" marginheight=\"0\" scrolling=\"no\" class=\"wp-embedded-content\"><\/iframe><script type=\"text\/javascript\">\n\/* <![CDATA[ *\/\n\/*! This file is auto-generated *\/\n!function(d,l){\"use strict\";l.querySelector&&d.addEventListener&&\"undefined\"!=typeof URL&&(d.wp=d.wp||{},d.wp.receiveEmbedMessage||(d.wp.receiveEmbedMessage=function(e){var t=e.data;if((t||t.secret||t.message||t.value)&&!\/[^a-zA-Z0-9]\/.test(t.secret)){for(var s,r,n,a=l.querySelectorAll('iframe[data-secret=\"'+t.secret+'\"]'),o=l.querySelectorAll('blockquote[data-secret=\"'+t.secret+'\"]'),c=new RegExp(\"^https?:$\",\"i\"),i=0;i<o.length;i++)o[i].style.display=\"none\";for(i=0;i<a.length;i++)s=a[i],e.source===s.contentWindow&&(s.removeAttribute(\"style\"),\"height\"===t.message?(1e3<(r=parseInt(t.value,10))?r=1e3:~~r<200&&(r=200),s.height=r):\"link\"===t.message&&(r=new URL(s.getAttribute(\"src\")),n=new URL(t.value),c.test(n.protocol))&&n.host===r.host&&l.activeElement===s&&(d.top.location.href=t.value))}},d.addEventListener(\"message\",d.wp.receiveEmbedMessage,!1),l.addEventListener(\"DOMContentLoaded\",function(){for(var e,t,s=l.querySelectorAll(\"iframe.wp-embedded-content\"),r=0;r<s.length;r++)(t=(e=s[r]).getAttribute(\"data-secret\"))||(t=Math.random().toString(36).substring(2,12),e.src+=\"#?secret=\"+t,e.setAttribute(\"data-secret\",t)),e.contentWindow.postMessage({message:\"ready\",secret:t},\"*\")},!1)))}(window,document);\n\/\/# sourceURL=https:\/\/fjala.info\/2009-2015\/wp-includes\/js\/wp-embed.min.js\n\/* ]]> *\/\n<\/script>\n","description":"Hamed ABDEL \u2013 SAMAD * OPINION &#8211; A duhet t\u00eb kemi frik\u00eb nga islami? Po. Ve\u00e7an\u00ebrisht n\u00ebse jemi mysliman\u00eb. Sepse ne po p\u00ebrjetojm\u00eb nj\u00eb dimension t\u00eb ri t\u00eb xhihadit global, nj\u00eb shp\u00ebrthim t\u00eb forcave m\u00eb radikale t\u00eb islamit. Pa marr\u00eb parasysh n\u00ebse islamist\u00ebt militant\u00eb e interpretojn\u00eb islamin si duhet apo e keqp\u00ebrdorin p\u00ebr q\u00ebllime politike, [&hellip;]","thumbnail_url":"http:\/\/www.fjala.info\/2014\/hamed_abdel_samad.jpg"}