{"version":"1.0","provider_name":"FjALA e LIR\u00cb - Arkivi","provider_url":"https:\/\/fjala.info\/2009-2015","author_name":"admin","author_url":"https:\/\/fjala.info\/2009-2015\/author\/admin\/","title":"Esht\u00eb mobilizuar shteti p\u00ebr q\u00ebllime elektorale - FjALA e LIR\u00cb - Arkivi","type":"rich","width":600,"height":338,"html":"<blockquote class=\"wp-embedded-content\" data-secret=\"jyIGhNCPAM\"><a href=\"https:\/\/fjala.info\/2009-2015\/eshte-mobilizuar-shteti-per-qellime-elektorale\/\">Esht\u00eb mobilizuar shteti p\u00ebr q\u00ebllime elektorale<\/a><\/blockquote><iframe sandbox=\"allow-scripts\" security=\"restricted\" src=\"https:\/\/fjala.info\/2009-2015\/eshte-mobilizuar-shteti-per-qellime-elektorale\/embed\/#?secret=jyIGhNCPAM\" width=\"600\" height=\"338\" title=\"&#8220;Esht\u00eb mobilizuar shteti p\u00ebr q\u00ebllime elektorale&#8221; &#8212; FjALA e LIR\u00cb - Arkivi\" data-secret=\"jyIGhNCPAM\" frameborder=\"0\" marginwidth=\"0\" marginheight=\"0\" scrolling=\"no\" class=\"wp-embedded-content\"><\/iframe><script type=\"text\/javascript\">\n\/* <![CDATA[ *\/\n\/*! This file is auto-generated *\/\n!function(d,l){\"use strict\";l.querySelector&&d.addEventListener&&\"undefined\"!=typeof URL&&(d.wp=d.wp||{},d.wp.receiveEmbedMessage||(d.wp.receiveEmbedMessage=function(e){var t=e.data;if((t||t.secret||t.message||t.value)&&!\/[^a-zA-Z0-9]\/.test(t.secret)){for(var s,r,n,a=l.querySelectorAll('iframe[data-secret=\"'+t.secret+'\"]'),o=l.querySelectorAll('blockquote[data-secret=\"'+t.secret+'\"]'),c=new RegExp(\"^https?:$\",\"i\"),i=0;i<o.length;i++)o[i].style.display=\"none\";for(i=0;i<a.length;i++)s=a[i],e.source===s.contentWindow&&(s.removeAttribute(\"style\"),\"height\"===t.message?(1e3<(r=parseInt(t.value,10))?r=1e3:~~r<200&&(r=200),s.height=r):\"link\"===t.message&&(r=new URL(s.getAttribute(\"src\")),n=new URL(t.value),c.test(n.protocol))&&n.host===r.host&&l.activeElement===s&&(d.top.location.href=t.value))}},d.addEventListener(\"message\",d.wp.receiveEmbedMessage,!1),l.addEventListener(\"DOMContentLoaded\",function(){for(var e,t,s=l.querySelectorAll(\"iframe.wp-embedded-content\"),r=0;r<s.length;r++)(t=(e=s[r]).getAttribute(\"data-secret\"))||(t=Math.random().toString(36).substring(2,12),e.src+=\"#?secret=\"+t,e.setAttribute(\"data-secret\",t)),e.contentWindow.postMessage({message:\"ready\",secret:t},\"*\")},!1)))}(window,document);\n\/\/# sourceURL=https:\/\/fjala.info\/2009-2015\/wp-includes\/js\/wp-embed.min.js\n\/* ]]> *\/\n<\/script>\n","description":"Nga Mustafa Nano, 16 maj 2013 Berisha po p\u00ebrdor \u00e7do resurs shtet\u00ebror e publik p\u00ebr q\u00ebllime elektorale. Kandidati Alfred Peza jepte lajmin nga Peqini (t\u00eb shoq\u00ebruar me foto), q\u00eb na b\u00ebnte me dije se \u00ebsht\u00eb mobilizuar ushtria p\u00ebr t\u00eb nd\u00ebrtuar nj\u00eb rrug\u00eb n\u00eb nj\u00eb komun\u00eb t\u00eb zon\u00ebs. Ben Blushi, gjat\u00eb nj\u00eb konference p\u00ebr shtypin, fliste [&hellip;]","thumbnail_url":"http:\/\/www.fjala.info\/2012\/mustafa_nano.jpg"}