{"version":"1.0","provider_name":"FjALA e LIR\u00cb - Arkivi","provider_url":"https:\/\/fjala.info\/2009-2015","author_name":"admin","author_url":"https:\/\/fjala.info\/2009-2015\/author\/admin\/","title":"Erdogan, nj\u00eb model i transformuar - FjALA e LIR\u00cb - Arkivi","type":"rich","width":600,"height":338,"html":"<blockquote class=\"wp-embedded-content\" data-secret=\"UwuygZc9Xo\"><a href=\"https:\/\/fjala.info\/2009-2015\/erdogan-nje-model-i-transformuar\/\">Erdogan, nj\u00eb model i transformuar<\/a><\/blockquote><iframe sandbox=\"allow-scripts\" security=\"restricted\" src=\"https:\/\/fjala.info\/2009-2015\/erdogan-nje-model-i-transformuar\/embed\/#?secret=UwuygZc9Xo\" width=\"600\" height=\"338\" title=\"&#8220;Erdogan, nj\u00eb model i transformuar&#8221; &#8212; FjALA e LIR\u00cb - Arkivi\" data-secret=\"UwuygZc9Xo\" frameborder=\"0\" marginwidth=\"0\" marginheight=\"0\" scrolling=\"no\" class=\"wp-embedded-content\"><\/iframe><script type=\"text\/javascript\">\n\/* <![CDATA[ *\/\n\/*! This file is auto-generated *\/\n!function(d,l){\"use strict\";l.querySelector&&d.addEventListener&&\"undefined\"!=typeof URL&&(d.wp=d.wp||{},d.wp.receiveEmbedMessage||(d.wp.receiveEmbedMessage=function(e){var t=e.data;if((t||t.secret||t.message||t.value)&&!\/[^a-zA-Z0-9]\/.test(t.secret)){for(var s,r,n,a=l.querySelectorAll('iframe[data-secret=\"'+t.secret+'\"]'),o=l.querySelectorAll('blockquote[data-secret=\"'+t.secret+'\"]'),c=new RegExp(\"^https?:$\",\"i\"),i=0;i<o.length;i++)o[i].style.display=\"none\";for(i=0;i<a.length;i++)s=a[i],e.source===s.contentWindow&&(s.removeAttribute(\"style\"),\"height\"===t.message?(1e3<(r=parseInt(t.value,10))?r=1e3:~~r<200&&(r=200),s.height=r):\"link\"===t.message&&(r=new URL(s.getAttribute(\"src\")),n=new URL(t.value),c.test(n.protocol))&&n.host===r.host&&l.activeElement===s&&(d.top.location.href=t.value))}},d.addEventListener(\"message\",d.wp.receiveEmbedMessage,!1),l.addEventListener(\"DOMContentLoaded\",function(){for(var e,t,s=l.querySelectorAll(\"iframe.wp-embedded-content\"),r=0;r<s.length;r++)(t=(e=s[r]).getAttribute(\"data-secret\"))||(t=Math.random().toString(36).substring(2,12),e.src+=\"#?secret=\"+t,e.setAttribute(\"data-secret\",t)),e.contentWindow.postMessage({message:\"ready\",secret:t},\"*\")},!1)))}(window,document);\n\/\/# sourceURL=https:\/\/fjala.info\/2009-2015\/wp-includes\/js\/wp-embed.min.js\n\/* ]]> *\/\n<\/script>\n","description":"> Baha G\u00fcng\u00f6r, Shekulli, 23.01.2014 P\u00ebr her\u00eb t\u00eb par\u00eb q\u00eb prej pes\u00eb vjet\u00ebsh, Rexhep Tayyip Erdogani b\u00ebri nj\u00eb vizit\u00eb zyrtare n\u00eb Bruksel. Por n\u00eb dallim me koh\u00ebt q\u00eb jan\u00eb zbehur t\u00eb marr\u00ebdh\u00ebnieve m\u00eb t\u00eb mir\u00eb turko-evropiane, k\u00ebt\u00eb her\u00eb nuk pati rrahje shpatullash dhe fjal\u00eb l\u00ebvduese p\u00ebr kryeministrin e Turqis\u00eb &#8211; si m\u00eb par\u00eb p\u00ebr reformat [&hellip;]","thumbnail_url":"http:\/\/www.fjala.info\/2014\/erdogan.jpg"}