{"version":"1.0","provider_name":"FjALA e LIR\u00cb - Arkivi","provider_url":"https:\/\/fjala.info\/2009-2015","author_name":"admin","author_url":"https:\/\/fjala.info\/2009-2015\/author\/admin\/","title":"Ekzodi shqiptar - FjALA e LIR\u00cb - Arkivi","type":"rich","width":600,"height":338,"html":"<blockquote class=\"wp-embedded-content\" data-secret=\"X2chdczn8C\"><a href=\"https:\/\/fjala.info\/2009-2015\/ekzodi-shqiptar\/\">Ekzodi shqiptar<\/a><\/blockquote><iframe sandbox=\"allow-scripts\" security=\"restricted\" src=\"https:\/\/fjala.info\/2009-2015\/ekzodi-shqiptar\/embed\/#?secret=X2chdczn8C\" width=\"600\" height=\"338\" title=\"&#8220;Ekzodi shqiptar&#8221; &#8212; FjALA e LIR\u00cb - Arkivi\" data-secret=\"X2chdczn8C\" frameborder=\"0\" marginwidth=\"0\" marginheight=\"0\" scrolling=\"no\" class=\"wp-embedded-content\"><\/iframe><script type=\"text\/javascript\">\n\/* <![CDATA[ *\/\n\/*! This file is auto-generated *\/\n!function(d,l){\"use strict\";l.querySelector&&d.addEventListener&&\"undefined\"!=typeof URL&&(d.wp=d.wp||{},d.wp.receiveEmbedMessage||(d.wp.receiveEmbedMessage=function(e){var t=e.data;if((t||t.secret||t.message||t.value)&&!\/[^a-zA-Z0-9]\/.test(t.secret)){for(var s,r,n,a=l.querySelectorAll('iframe[data-secret=\"'+t.secret+'\"]'),o=l.querySelectorAll('blockquote[data-secret=\"'+t.secret+'\"]'),c=new RegExp(\"^https?:$\",\"i\"),i=0;i<o.length;i++)o[i].style.display=\"none\";for(i=0;i<a.length;i++)s=a[i],e.source===s.contentWindow&&(s.removeAttribute(\"style\"),\"height\"===t.message?(1e3<(r=parseInt(t.value,10))?r=1e3:~~r<200&&(r=200),s.height=r):\"link\"===t.message&&(r=new URL(s.getAttribute(\"src\")),n=new URL(t.value),c.test(n.protocol))&&n.host===r.host&&l.activeElement===s&&(d.top.location.href=t.value))}},d.addEventListener(\"message\",d.wp.receiveEmbedMessage,!1),l.addEventListener(\"DOMContentLoaded\",function(){for(var e,t,s=l.querySelectorAll(\"iframe.wp-embedded-content\"),r=0;r<s.length;r++)(t=(e=s[r]).getAttribute(\"data-secret\"))||(t=Math.random().toString(36).substring(2,12),e.src+=\"#?secret=\"+t,e.setAttribute(\"data-secret\",t)),e.contentWindow.postMessage({message:\"ready\",secret:t},\"*\")},!1)))}(window,document);\n\/\/# sourceURL=https:\/\/fjala.info\/2009-2015\/wp-includes\/js\/wp-embed.min.js\n\/* ]]> *\/\n<\/script>\n","description":"Naser Aliu, 11.04.2010 Shqip\u00ebrin\u00eb e kan\u00eb braktisur p\u00ebr shkaqe ekonomike mbi nj\u00eb milion qytetar\u00eb. Kjo dometh\u00ebn\u00eb se brenda vendit jetojn\u00eb pak m\u00eb shum\u00eb se dy milion\u00eb shqiptar\u00eb. S\u00eb paku ky shtet posedon nj\u00eb num\u00ebr gati t\u00eb sakt\u00eb t\u00eb m\u00ebrgat\u00ebs. Numri m\u00eb i madh \u00ebsht\u00eb vendosur n\u00eb shtetet fqinje: Greqi dhe Itali, pasojn\u00eb vendet per\u00ebndimore n\u00eb [&hellip;]","thumbnail_url":"http:\/\/www.shkoder.net\/images\/fjala\/naser_aliu.jpg"}