{"version":"1.0","provider_name":"FjALA e LIR\u00cb - Arkivi","provider_url":"https:\/\/fjala.info\/2009-2015","author_name":"admin","author_url":"https:\/\/fjala.info\/2009-2015\/author\/admin\/","title":"Eksperimentet Milgram dhe Asch - FjALA e LIR\u00cb - Arkivi","type":"rich","width":600,"height":338,"html":"<blockquote class=\"wp-embedded-content\" data-secret=\"loXuotoDqu\"><a href=\"https:\/\/fjala.info\/2009-2015\/eksperimentet-milgram-dhe-asch\/\">Eksperimentet Milgram dhe Asch<\/a><\/blockquote><iframe sandbox=\"allow-scripts\" security=\"restricted\" src=\"https:\/\/fjala.info\/2009-2015\/eksperimentet-milgram-dhe-asch\/embed\/#?secret=loXuotoDqu\" width=\"600\" height=\"338\" title=\"&#8220;Eksperimentet Milgram dhe Asch&#8221; &#8212; FjALA e LIR\u00cb - Arkivi\" data-secret=\"loXuotoDqu\" frameborder=\"0\" marginwidth=\"0\" marginheight=\"0\" scrolling=\"no\" class=\"wp-embedded-content\"><\/iframe><script type=\"text\/javascript\">\n\/* <![CDATA[ *\/\n\/*! This file is auto-generated *\/\n!function(d,l){\"use strict\";l.querySelector&&d.addEventListener&&\"undefined\"!=typeof URL&&(d.wp=d.wp||{},d.wp.receiveEmbedMessage||(d.wp.receiveEmbedMessage=function(e){var t=e.data;if((t||t.secret||t.message||t.value)&&!\/[^a-zA-Z0-9]\/.test(t.secret)){for(var s,r,n,a=l.querySelectorAll('iframe[data-secret=\"'+t.secret+'\"]'),o=l.querySelectorAll('blockquote[data-secret=\"'+t.secret+'\"]'),c=new RegExp(\"^https?:$\",\"i\"),i=0;i<o.length;i++)o[i].style.display=\"none\";for(i=0;i<a.length;i++)s=a[i],e.source===s.contentWindow&&(s.removeAttribute(\"style\"),\"height\"===t.message?(1e3<(r=parseInt(t.value,10))?r=1e3:~~r<200&&(r=200),s.height=r):\"link\"===t.message&&(r=new URL(s.getAttribute(\"src\")),n=new URL(t.value),c.test(n.protocol))&&n.host===r.host&&l.activeElement===s&&(d.top.location.href=t.value))}},d.addEventListener(\"message\",d.wp.receiveEmbedMessage,!1),l.addEventListener(\"DOMContentLoaded\",function(){for(var e,t,s=l.querySelectorAll(\"iframe.wp-embedded-content\"),r=0;r<s.length;r++)(t=(e=s[r]).getAttribute(\"data-secret\"))||(t=Math.random().toString(36).substring(2,12),e.src+=\"#?secret=\"+t,e.setAttribute(\"data-secret\",t)),e.contentWindow.postMessage({message:\"ready\",secret:t},\"*\")},!1)))}(window,document);\n\/\/# sourceURL=https:\/\/fjala.info\/2009-2015\/wp-includes\/js\/wp-embed.min.js\n\/* ]]> *\/\n<\/script>\n","description":"Eduard Zaloshnja N\u00eb nj\u00eb turm\u00eb secili ngjan me secilin Tri jav\u00eb pas 21 janarit, nj\u00eb mik i im, i cili ka votuar rregullisht p\u00ebr PD-n\u00eb deri m\u00eb sot, m\u00eb tha se nuk do t\u00eb votonte m\u00eb p\u00ebr t\u00eb. Sipas tij, ai nuk mund t\u00eb votoj\u00eb p\u00ebr nj\u00eb parti q\u00eb ka n\u00eb krye dik\u00eb q\u00eb urdh\u00ebron [&hellip;]","thumbnail_url":"http:\/\/fjala.shkoder.net\/wp-content\/uploads\/2011\/03\/milgram_asch.jpg"}