{"version":"1.0","provider_name":"FjALA e LIR\u00cb - Arkivi","provider_url":"https:\/\/fjala.info\/2009-2015","author_name":"admin","author_url":"https:\/\/fjala.info\/2009-2015\/author\/admin\/","title":"E ka radh\u00ebn Gjermania? - FjALA e LIR\u00cb - Arkivi","type":"rich","width":600,"height":338,"html":"<blockquote class=\"wp-embedded-content\" data-secret=\"psE9SGJPmW\"><a href=\"https:\/\/fjala.info\/2009-2015\/e-ka-radhen-gjermania\/\">E ka radh\u00ebn Gjermania?<\/a><\/blockquote><iframe sandbox=\"allow-scripts\" security=\"restricted\" src=\"https:\/\/fjala.info\/2009-2015\/e-ka-radhen-gjermania\/embed\/#?secret=psE9SGJPmW\" width=\"600\" height=\"338\" title=\"&#8220;E ka radh\u00ebn Gjermania?&#8221; &#8212; FjALA e LIR\u00cb - Arkivi\" data-secret=\"psE9SGJPmW\" frameborder=\"0\" marginwidth=\"0\" marginheight=\"0\" scrolling=\"no\" class=\"wp-embedded-content\"><\/iframe><script type=\"text\/javascript\">\n\/* <![CDATA[ *\/\n\/*! This file is auto-generated *\/\n!function(d,l){\"use strict\";l.querySelector&&d.addEventListener&&\"undefined\"!=typeof URL&&(d.wp=d.wp||{},d.wp.receiveEmbedMessage||(d.wp.receiveEmbedMessage=function(e){var t=e.data;if((t||t.secret||t.message||t.value)&&!\/[^a-zA-Z0-9]\/.test(t.secret)){for(var s,r,n,a=l.querySelectorAll('iframe[data-secret=\"'+t.secret+'\"]'),o=l.querySelectorAll('blockquote[data-secret=\"'+t.secret+'\"]'),c=new RegExp(\"^https?:$\",\"i\"),i=0;i<o.length;i++)o[i].style.display=\"none\";for(i=0;i<a.length;i++)s=a[i],e.source===s.contentWindow&&(s.removeAttribute(\"style\"),\"height\"===t.message?(1e3<(r=parseInt(t.value,10))?r=1e3:~~r<200&&(r=200),s.height=r):\"link\"===t.message&&(r=new URL(s.getAttribute(\"src\")),n=new URL(t.value),c.test(n.protocol))&&n.host===r.host&&l.activeElement===s&&(d.top.location.href=t.value))}},d.addEventListener(\"message\",d.wp.receiveEmbedMessage,!1),l.addEventListener(\"DOMContentLoaded\",function(){for(var e,t,s=l.querySelectorAll(\"iframe.wp-embedded-content\"),r=0;r<s.length;r++)(t=(e=s[r]).getAttribute(\"data-secret\"))||(t=Math.random().toString(36).substring(2,12),e.src+=\"#?secret=\"+t,e.setAttribute(\"data-secret\",t)),e.contentWindow.postMessage({message:\"ready\",secret:t},\"*\")},!1)))}(window,document);\n\/\/# sourceURL=https:\/\/fjala.info\/2009-2015\/wp-includes\/js\/wp-embed.min.js\n\/* ]]> *\/\n<\/script>\n","description":"ResPublica.al, 7 n\u00ebntor 2012 K\u00ebto dy vite krize t\u00eb thell\u00eb ekonomike n\u00eb mbar\u00eb Europ\u00ebn, kemi par\u00eb dhe d\u00ebgjuar se si Gjermania ka ngelur nd\u00ebr t\u00eb pak\u00ebt oaz n\u00eb mes t\u00eb shkret\u00ebtir\u00ebs. Por me sa duket jo p\u00ebr shum\u00eb koh\u00eb. Lajme t\u00eb k\u00ebqija vijn\u00eb nga statistikat e prodhimit industrial gjerman, t\u00eb cilat flasin p\u00ebr nj\u00eb tkurrje [&hellip;]","thumbnail_url":"http:\/\/www.fjala.info\/2012\/angela_merkel.jpg"}