{"version":"1.0","provider_name":"FjALA e LIR\u00cb - Arkivi","provider_url":"https:\/\/fjala.info\/2009-2015","author_name":"admin","author_url":"https:\/\/fjala.info\/2009-2015\/author\/admin\/","title":"Dy antievropian\u00eb q\u00eb \u201cu g\u00ebzohen\u201d kund\u00ebrshtar\u00ebve - FjALA e LIR\u00cb - Arkivi","type":"rich","width":600,"height":338,"html":"<blockquote class=\"wp-embedded-content\" data-secret=\"3gePevWMd7\"><a href=\"https:\/\/fjala.info\/2009-2015\/dy-antievropiane-qe-u-gezohen-kundershtareve\/\">Dy antievropian\u00eb q\u00eb \u201cu g\u00ebzohen\u201d kund\u00ebrshtar\u00ebve<\/a><\/blockquote><iframe sandbox=\"allow-scripts\" security=\"restricted\" src=\"https:\/\/fjala.info\/2009-2015\/dy-antievropiane-qe-u-gezohen-kundershtareve\/embed\/#?secret=3gePevWMd7\" width=\"600\" height=\"338\" title=\"&#8220;Dy antievropian\u00eb q\u00eb \u201cu g\u00ebzohen\u201d kund\u00ebrshtar\u00ebve&#8221; &#8212; FjALA e LIR\u00cb - Arkivi\" data-secret=\"3gePevWMd7\" frameborder=\"0\" marginwidth=\"0\" marginheight=\"0\" scrolling=\"no\" class=\"wp-embedded-content\"><\/iframe><script type=\"text\/javascript\">\n\/* <![CDATA[ *\/\n\/*! This file is auto-generated *\/\n!function(d,l){\"use strict\";l.querySelector&&d.addEventListener&&\"undefined\"!=typeof URL&&(d.wp=d.wp||{},d.wp.receiveEmbedMessage||(d.wp.receiveEmbedMessage=function(e){var t=e.data;if((t||t.secret||t.message||t.value)&&!\/[^a-zA-Z0-9]\/.test(t.secret)){for(var s,r,n,a=l.querySelectorAll('iframe[data-secret=\"'+t.secret+'\"]'),o=l.querySelectorAll('blockquote[data-secret=\"'+t.secret+'\"]'),c=new RegExp(\"^https?:$\",\"i\"),i=0;i<o.length;i++)o[i].style.display=\"none\";for(i=0;i<a.length;i++)s=a[i],e.source===s.contentWindow&&(s.removeAttribute(\"style\"),\"height\"===t.message?(1e3<(r=parseInt(t.value,10))?r=1e3:~~r<200&&(r=200),s.height=r):\"link\"===t.message&&(r=new URL(s.getAttribute(\"src\")),n=new URL(t.value),c.test(n.protocol))&&n.host===r.host&&l.activeElement===s&&(d.top.location.href=t.value))}},d.addEventListener(\"message\",d.wp.receiveEmbedMessage,!1),l.addEventListener(\"DOMContentLoaded\",function(){for(var e,t,s=l.querySelectorAll(\"iframe.wp-embedded-content\"),r=0;r<s.length;r++)(t=(e=s[r]).getAttribute(\"data-secret\"))||(t=Math.random().toString(36).substring(2,12),e.src+=\"#?secret=\"+t,e.setAttribute(\"data-secret\",t)),e.contentWindow.postMessage({message:\"ready\",secret:t},\"*\")},!1)))}(window,document);\n\/\/# sourceURL=https:\/\/fjala.info\/2009-2015\/wp-includes\/js\/wp-embed.min.js\n\/* ]]> *\/\n<\/script>\n","description":"Nga Mero Baze, 24 N\u00ebntor 2012 Sali Berisha dhe Nikola Gruevski jan\u00eb dy pjes\u00ebtar\u00eb t\u00eb klubit antiper\u00ebndimor t\u00eb politik\u00ebs aktuale evropiane. Jan\u00eb dy kryeministra t\u00eb izoluar, pa mb\u00ebshtetje nga Bashkimi Evropian, q\u00eb tentojn\u00eb t\u00eb p\u00ebrdorin her\u00eb nacionalizmin e her\u00eb pazaret p\u00ebr t\u00eb mbijetuar politikisht dhe q\u00eb kan\u00eb probleme t\u00eb nj\u00ebjta brenda vendit si gjith\u00eb pjes\u00ebtar\u00ebt [&hellip;]","thumbnail_url":"http:\/\/www.fjala.info\/2012\/mero_baze.jpg"}