{"version":"1.0","provider_name":"FjALA e LIR\u00cb - Arkivi","provider_url":"https:\/\/fjala.info\/2009-2015","author_name":"admin","author_url":"https:\/\/fjala.info\/2009-2015\/author\/admin\/","title":"Duhet nj\u00eb star kund\u00ebr vdekjes - FjALA e LIR\u00cb - Arkivi","type":"rich","width":600,"height":338,"html":"<blockquote class=\"wp-embedded-content\" data-secret=\"TYEqHe0DnT\"><a href=\"https:\/\/fjala.info\/2009-2015\/duhet-nje-star-kunder-vdekjes\/\">Duhet nj\u00eb star kund\u00ebr vdekjes<\/a><\/blockquote><iframe sandbox=\"allow-scripts\" security=\"restricted\" src=\"https:\/\/fjala.info\/2009-2015\/duhet-nje-star-kunder-vdekjes\/embed\/#?secret=TYEqHe0DnT\" width=\"600\" height=\"338\" title=\"&#8220;Duhet nj\u00eb star kund\u00ebr vdekjes&#8221; &#8212; FjALA e LIR\u00cb - Arkivi\" data-secret=\"TYEqHe0DnT\" frameborder=\"0\" marginwidth=\"0\" marginheight=\"0\" scrolling=\"no\" class=\"wp-embedded-content\"><\/iframe><script type=\"text\/javascript\">\n\/* <![CDATA[ *\/\n\/*! This file is auto-generated *\/\n!function(d,l){\"use strict\";l.querySelector&&d.addEventListener&&\"undefined\"!=typeof URL&&(d.wp=d.wp||{},d.wp.receiveEmbedMessage||(d.wp.receiveEmbedMessage=function(e){var t=e.data;if((t||t.secret||t.message||t.value)&&!\/[^a-zA-Z0-9]\/.test(t.secret)){for(var s,r,n,a=l.querySelectorAll('iframe[data-secret=\"'+t.secret+'\"]'),o=l.querySelectorAll('blockquote[data-secret=\"'+t.secret+'\"]'),c=new RegExp(\"^https?:$\",\"i\"),i=0;i<o.length;i++)o[i].style.display=\"none\";for(i=0;i<a.length;i++)s=a[i],e.source===s.contentWindow&&(s.removeAttribute(\"style\"),\"height\"===t.message?(1e3<(r=parseInt(t.value,10))?r=1e3:~~r<200&&(r=200),s.height=r):\"link\"===t.message&&(r=new URL(s.getAttribute(\"src\")),n=new URL(t.value),c.test(n.protocol))&&n.host===r.host&&l.activeElement===s&&(d.top.location.href=t.value))}},d.addEventListener(\"message\",d.wp.receiveEmbedMessage,!1),l.addEventListener(\"DOMContentLoaded\",function(){for(var e,t,s=l.querySelectorAll(\"iframe.wp-embedded-content\"),r=0;r<s.length;r++)(t=(e=s[r]).getAttribute(\"data-secret\"))||(t=Math.random().toString(36).substring(2,12),e.src+=\"#?secret=\"+t,e.setAttribute(\"data-secret\",t)),e.contentWindow.postMessage({message:\"ready\",secret:t},\"*\")},!1)))}(window,document);\n\/\/# sourceURL=https:\/\/fjala.info\/2009-2015\/wp-includes\/js\/wp-embed.min.js\n\/* ]]> *\/\n<\/script>\n","description":"Nga Anila Basha Po, po&#8230;Turizmin shqiptar nuk mund ta prish\u00eb nj\u00eb 21 janar. Nuk mund ta prishin as 4 viktima, p\u00ebr t\u00eb cil\u00ebt sot ka fajtor\u00eb, por ende nuk ka autor\u00eb\u00b4. Jan\u00eb rritur \u00e7mimet e ila\u00e7eve, por nuk duhet t\u00eb zbythemi se nuk kemi lek\u00eb. \u00cbsht\u00eb rritur edhe \u00e7mimi i buk\u00ebs, edhe \u00e7mimi i gazit, [&hellip;]","thumbnail_url":"http:\/\/fjala.shkoder.net\/wp-content\/uploads\/2011\/01\/vrasja_dyte.jpg"}