{"version":"1.0","provider_name":"FjALA e LIR\u00cb - Arkivi","provider_url":"https:\/\/fjala.info\/2009-2015","author_name":"admin","author_url":"https:\/\/fjala.info\/2009-2015\/author\/admin\/","title":"Diferenca mes Berish\u00ebs dhe Gjukanovi\u00e7it - FjALA e LIR\u00cb - Arkivi","type":"rich","width":600,"height":338,"html":"<blockquote class=\"wp-embedded-content\" data-secret=\"rUHAcdtyp1\"><a href=\"https:\/\/fjala.info\/2009-2015\/diferenca-mes-berishes-dhe-gjukanovicit\/\">Diferenca mes Berish\u00ebs dhe Gjukanovi\u00e7it<\/a><\/blockquote><iframe sandbox=\"allow-scripts\" security=\"restricted\" src=\"https:\/\/fjala.info\/2009-2015\/diferenca-mes-berishes-dhe-gjukanovicit\/embed\/#?secret=rUHAcdtyp1\" width=\"600\" height=\"338\" title=\"&#8220;Diferenca mes Berish\u00ebs dhe Gjukanovi\u00e7it&#8221; &#8212; FjALA e LIR\u00cb - Arkivi\" data-secret=\"rUHAcdtyp1\" frameborder=\"0\" marginwidth=\"0\" marginheight=\"0\" scrolling=\"no\" class=\"wp-embedded-content\"><\/iframe><script type=\"text\/javascript\">\n\/* <![CDATA[ *\/\n\/*! This file is auto-generated *\/\n!function(d,l){\"use strict\";l.querySelector&&d.addEventListener&&\"undefined\"!=typeof URL&&(d.wp=d.wp||{},d.wp.receiveEmbedMessage||(d.wp.receiveEmbedMessage=function(e){var t=e.data;if((t||t.secret||t.message||t.value)&&!\/[^a-zA-Z0-9]\/.test(t.secret)){for(var s,r,n,a=l.querySelectorAll('iframe[data-secret=\"'+t.secret+'\"]'),o=l.querySelectorAll('blockquote[data-secret=\"'+t.secret+'\"]'),c=new RegExp(\"^https?:$\",\"i\"),i=0;i<o.length;i++)o[i].style.display=\"none\";for(i=0;i<a.length;i++)s=a[i],e.source===s.contentWindow&&(s.removeAttribute(\"style\"),\"height\"===t.message?(1e3<(r=parseInt(t.value,10))?r=1e3:~~r<200&&(r=200),s.height=r):\"link\"===t.message&&(r=new URL(s.getAttribute(\"src\")),n=new URL(t.value),c.test(n.protocol))&&n.host===r.host&&l.activeElement===s&&(d.top.location.href=t.value))}},d.addEventListener(\"message\",d.wp.receiveEmbedMessage,!1),l.addEventListener(\"DOMContentLoaded\",function(){for(var e,t,s=l.querySelectorAll(\"iframe.wp-embedded-content\"),r=0;r<s.length;r++)(t=(e=s[r]).getAttribute(\"data-secret\"))||(t=Math.random().toString(36).substring(2,12),e.src+=\"#?secret=\"+t,e.setAttribute(\"data-secret\",t)),e.contentWindow.postMessage({message:\"ready\",secret:t},\"*\")},!1)))}(window,document);\n\/\/# sourceURL=https:\/\/fjala.info\/2009-2015\/wp-includes\/js\/wp-embed.min.js\n\/* ]]> *\/\n<\/script>\n","description":"Mero Baze, 22.12.2010 Rr\u00ebzimi i kompromisit t\u00eb fundit t\u00eb ofruar nga opozita rreth hetimit t\u00eb zgjedhjeve, i b\u00ebn p\u00ebrfundimisht t\u00eb lodhshme dhe pa perspektiv\u00eb negociatat e opozit\u00ebs me Sali Berish\u00ebn. P\u00ebrve\u00e7 logjik\u00ebs ligjore dhe mb\u00ebshtetjes nga faktori per\u00ebndimor p\u00ebr propozimin e opozit\u00ebs, nuk kemi asnj\u00eb argument tjet\u00ebr me se t\u00eb bindim shumic\u00ebn t&#8217;i jap\u00eb fund [&hellip;]","thumbnail_url":"http:\/\/fjala.shkoder.net\/wp-content\/uploads\/2010\/10\/mero_baze1.jpg"}