{"version":"1.0","provider_name":"FjALA e LIR\u00cb - Arkivi","provider_url":"https:\/\/fjala.info\/2009-2015","author_name":"admin","author_url":"https:\/\/fjala.info\/2009-2015\/author\/admin\/","title":"Dhjet\u00eb 'urdh\u00ebresat' e FMN-s\u00eb - FjALA e LIR\u00cb - Arkivi","type":"rich","width":600,"height":338,"html":"<blockquote class=\"wp-embedded-content\" data-secret=\"4LBXS35SEy\"><a href=\"https:\/\/fjala.info\/2009-2015\/dhjete-urdheresat-e-fmn-se\/\">Dhjet\u00eb &#8216;urdh\u00ebresat&#8217; e FMN-s\u00eb<\/a><\/blockquote><iframe sandbox=\"allow-scripts\" security=\"restricted\" src=\"https:\/\/fjala.info\/2009-2015\/dhjete-urdheresat-e-fmn-se\/embed\/#?secret=4LBXS35SEy\" width=\"600\" height=\"338\" title=\"&#8220;Dhjet\u00eb &#8216;urdh\u00ebresat&#8217; e FMN-s\u00eb&#8221; &#8212; FjALA e LIR\u00cb - Arkivi\" data-secret=\"4LBXS35SEy\" frameborder=\"0\" marginwidth=\"0\" marginheight=\"0\" scrolling=\"no\" class=\"wp-embedded-content\"><\/iframe><script type=\"text\/javascript\">\n\/* <![CDATA[ *\/\n\/*! This file is auto-generated *\/\n!function(d,l){\"use strict\";l.querySelector&&d.addEventListener&&\"undefined\"!=typeof URL&&(d.wp=d.wp||{},d.wp.receiveEmbedMessage||(d.wp.receiveEmbedMessage=function(e){var t=e.data;if((t||t.secret||t.message||t.value)&&!\/[^a-zA-Z0-9]\/.test(t.secret)){for(var s,r,n,a=l.querySelectorAll('iframe[data-secret=\"'+t.secret+'\"]'),o=l.querySelectorAll('blockquote[data-secret=\"'+t.secret+'\"]'),c=new RegExp(\"^https?:$\",\"i\"),i=0;i<o.length;i++)o[i].style.display=\"none\";for(i=0;i<a.length;i++)s=a[i],e.source===s.contentWindow&&(s.removeAttribute(\"style\"),\"height\"===t.message?(1e3<(r=parseInt(t.value,10))?r=1e3:~~r<200&&(r=200),s.height=r):\"link\"===t.message&&(r=new URL(s.getAttribute(\"src\")),n=new URL(t.value),c.test(n.protocol))&&n.host===r.host&&l.activeElement===s&&(d.top.location.href=t.value))}},d.addEventListener(\"message\",d.wp.receiveEmbedMessage,!1),l.addEventListener(\"DOMContentLoaded\",function(){for(var e,t,s=l.querySelectorAll(\"iframe.wp-embedded-content\"),r=0;r<s.length;r++)(t=(e=s[r]).getAttribute(\"data-secret\"))||(t=Math.random().toString(36).substring(2,12),e.src+=\"#?secret=\"+t,e.setAttribute(\"data-secret\",t)),e.contentWindow.postMessage({message:\"ready\",secret:t},\"*\")},!1)))}(window,document);\n\/\/# sourceURL=https:\/\/fjala.info\/2009-2015\/wp-includes\/js\/wp-embed.min.js\n\/* ]]> *\/\n<\/script>\n","description":"ADRIAN CIVICI, 01.07.2010 Shqet\u00ebsimet dhe debatet p\u00ebr strategjit\u00eb dhe m\u00ebnyrat m\u00eb t\u00eb mira p\u00ebr daljen e ekonomive dhe financave t\u00eb pjes\u00ebs d\u00ebrrmuese t\u00eb vendeve t\u00eb bot\u00ebs nga kriza, vazhdojn\u00eb me nj\u00eb intensitet t\u00eb jasht\u00ebzakonsh\u00ebm. N\u00eb nivelet m\u00eb t\u00eb larta t\u00eb vendimmarrjes bot\u00ebrore n\u00eb k\u00ebt\u00eb fush\u00eb, si\u00e7 ishte s\u00eb fundi edhe samiti i G20 n\u00eb Kanada, [&hellip;]","thumbnail_url":"http:\/\/www.shkoder.net\/images\/fjala\/adrian_civici.jpg"}