{"version":"1.0","provider_name":"FjALA e LIR\u00cb - Arkivi","provider_url":"https:\/\/fjala.info\/2009-2015","author_name":"admin","author_url":"https:\/\/fjala.info\/2009-2015\/author\/admin\/","title":"\u00c7'ne Regani? (dhe \u00e7'ne Koleka?) - FjALA e LIR\u00cb - Arkivi","type":"rich","width":600,"height":338,"html":"<blockquote class=\"wp-embedded-content\" data-secret=\"xsq11WnNOs\"><a href=\"https:\/\/fjala.info\/2009-2015\/cne-regani-dhe-cne-koleka\/\">\u00c7&#8217;ne Regani? (dhe \u00e7&#8217;ne Koleka?)<\/a><\/blockquote><iframe sandbox=\"allow-scripts\" security=\"restricted\" src=\"https:\/\/fjala.info\/2009-2015\/cne-regani-dhe-cne-koleka\/embed\/#?secret=xsq11WnNOs\" width=\"600\" height=\"338\" title=\"&#8220;\u00c7&#8217;ne Regani? (dhe \u00e7&#8217;ne Koleka?)&#8221; &#8212; FjALA e LIR\u00cb - Arkivi\" data-secret=\"xsq11WnNOs\" frameborder=\"0\" marginwidth=\"0\" marginheight=\"0\" scrolling=\"no\" class=\"wp-embedded-content\"><\/iframe><script type=\"text\/javascript\">\n\/* <![CDATA[ *\/\n\/*! This file is auto-generated *\/\n!function(d,l){\"use strict\";l.querySelector&&d.addEventListener&&\"undefined\"!=typeof URL&&(d.wp=d.wp||{},d.wp.receiveEmbedMessage||(d.wp.receiveEmbedMessage=function(e){var t=e.data;if((t||t.secret||t.message||t.value)&&!\/[^a-zA-Z0-9]\/.test(t.secret)){for(var s,r,n,a=l.querySelectorAll('iframe[data-secret=\"'+t.secret+'\"]'),o=l.querySelectorAll('blockquote[data-secret=\"'+t.secret+'\"]'),c=new RegExp(\"^https?:$\",\"i\"),i=0;i<o.length;i++)o[i].style.display=\"none\";for(i=0;i<a.length;i++)s=a[i],e.source===s.contentWindow&&(s.removeAttribute(\"style\"),\"height\"===t.message?(1e3<(r=parseInt(t.value,10))?r=1e3:~~r<200&&(r=200),s.height=r):\"link\"===t.message&&(r=new URL(s.getAttribute(\"src\")),n=new URL(t.value),c.test(n.protocol))&&n.host===r.host&&l.activeElement===s&&(d.top.location.href=t.value))}},d.addEventListener(\"message\",d.wp.receiveEmbedMessage,!1),l.addEventListener(\"DOMContentLoaded\",function(){for(var e,t,s=l.querySelectorAll(\"iframe.wp-embedded-content\"),r=0;r<s.length;r++)(t=(e=s[r]).getAttribute(\"data-secret\"))||(t=Math.random().toString(36).substring(2,12),e.src+=\"#?secret=\"+t,e.setAttribute(\"data-secret\",t)),e.contentWindow.postMessage({message:\"ready\",secret:t},\"*\")},!1)))}(window,document);\n\/\/# sourceURL=https:\/\/fjala.info\/2009-2015\/wp-includes\/js\/wp-embed.min.js\n\/* ]]> *\/\n<\/script>\n","description":"Nga Eduard Zaloshnja, 16 shkurt 2013 N\u00eb nj\u00eb takim me disa student\u00eb, Berisha iu kthye k\u00ebto dit\u00eb edhe nj\u00eb her\u00eb tem\u00ebs s\u00eb dashur t\u00eb tij t\u00eb taks\u00ebs s\u00eb shesht\u00eb. Taksa progresive dihet q\u00eb \u00ebsht\u00eb marksiste, tha ai, duke vazhduar se ka zgjedhur taks\u00ebn e shesht\u00eb, ngaq\u00eb e kishte p\u00ebr zem\u00ebr Regani (ish-presidenti i SHBA-s\u00eb). \u201c\u201cT\u00eb [&hellip;]","thumbnail_url":"http:\/\/www.fjala.info\/2013\/dita_16_shkurt_2013.jpg"}