{"version":"1.0","provider_name":"FjALA e LIR\u00cb - Arkivi","provider_url":"https:\/\/fjala.info\/2009-2015","author_name":"admin","author_url":"https:\/\/fjala.info\/2009-2015\/author\/admin\/","title":"\u00c7far\u00eb po ndodh me Shqip\u00ebrin\u00eb? - FjALA e LIR\u00cb - Arkivi","type":"rich","width":600,"height":338,"html":"<blockquote class=\"wp-embedded-content\" data-secret=\"JQtqh5sprG\"><a href=\"https:\/\/fjala.info\/2009-2015\/cfare-po-ndodh-me-shqiperine\/\">\u00c7far\u00eb po ndodh me Shqip\u00ebrin\u00eb?<\/a><\/blockquote><iframe sandbox=\"allow-scripts\" security=\"restricted\" src=\"https:\/\/fjala.info\/2009-2015\/cfare-po-ndodh-me-shqiperine\/embed\/#?secret=JQtqh5sprG\" width=\"600\" height=\"338\" title=\"&#8220;\u00c7far\u00eb po ndodh me Shqip\u00ebrin\u00eb?&#8221; &#8212; FjALA e LIR\u00cb - Arkivi\" data-secret=\"JQtqh5sprG\" frameborder=\"0\" marginwidth=\"0\" marginheight=\"0\" scrolling=\"no\" class=\"wp-embedded-content\"><\/iframe><script type=\"text\/javascript\">\n\/* <![CDATA[ *\/\n\/*! This file is auto-generated *\/\n!function(d,l){\"use strict\";l.querySelector&&d.addEventListener&&\"undefined\"!=typeof URL&&(d.wp=d.wp||{},d.wp.receiveEmbedMessage||(d.wp.receiveEmbedMessage=function(e){var t=e.data;if((t||t.secret||t.message||t.value)&&!\/[^a-zA-Z0-9]\/.test(t.secret)){for(var s,r,n,a=l.querySelectorAll('iframe[data-secret=\"'+t.secret+'\"]'),o=l.querySelectorAll('blockquote[data-secret=\"'+t.secret+'\"]'),c=new RegExp(\"^https?:$\",\"i\"),i=0;i<o.length;i++)o[i].style.display=\"none\";for(i=0;i<a.length;i++)s=a[i],e.source===s.contentWindow&&(s.removeAttribute(\"style\"),\"height\"===t.message?(1e3<(r=parseInt(t.value,10))?r=1e3:~~r<200&&(r=200),s.height=r):\"link\"===t.message&&(r=new URL(s.getAttribute(\"src\")),n=new URL(t.value),c.test(n.protocol))&&n.host===r.host&&l.activeElement===s&&(d.top.location.href=t.value))}},d.addEventListener(\"message\",d.wp.receiveEmbedMessage,!1),l.addEventListener(\"DOMContentLoaded\",function(){for(var e,t,s=l.querySelectorAll(\"iframe.wp-embedded-content\"),r=0;r<s.length;r++)(t=(e=s[r]).getAttribute(\"data-secret\"))||(t=Math.random().toString(36).substring(2,12),e.src+=\"#?secret=\"+t,e.setAttribute(\"data-secret\",t)),e.contentWindow.postMessage({message:\"ready\",secret:t},\"*\")},!1)))}(window,document);\n\/\/# sourceURL=https:\/\/fjala.info\/2009-2015\/wp-includes\/js\/wp-embed.min.js\n\/* ]]> *\/\n<\/script>\n","description":"Teuta Vodo \/ Pedagoge n\u00eb Universit\u00e9 Libre de Bruxelles, 06.02.2013 Kjo \u00ebsht\u00eb nj\u00eb pyetje q\u00eb shum\u00eb funksionar\u00eb t\u00eb BEs\u00eb ia kan\u00eb drejtuar p\u00ebrfaq\u00ebsuesve shqiptar\u00eb n\u00eb BE dhe politikan\u00ebve shqiptar\u00eb. Kjo pyetje nuk vjen nga nj\u00eb kureshtje e r\u00ebndomt\u00eb dhe as nga nj\u00eb shqet\u00ebsim i radh\u00ebs q\u00eb mund t\u00eb ken\u00eb komisioner\u00ebt e ngarkuar me integrimin e [&hellip;]","thumbnail_url":"http:\/\/www.fjala.info\/2013\/teuta_vodo.jpg"}