{"version":"1.0","provider_name":"FjALA e LIR\u00cb - Arkivi","provider_url":"https:\/\/fjala.info\/2009-2015","author_name":"admin","author_url":"https:\/\/fjala.info\/2009-2015\/author\/admin\/","title":"\u00c7far\u00eb kemi m\u00ebsuar deri tani? - FjALA e LIR\u00cb - Arkivi","type":"rich","width":600,"height":338,"html":"<blockquote class=\"wp-embedded-content\" data-secret=\"XyBvQloLmp\"><a href=\"https:\/\/fjala.info\/2009-2015\/cfare-kemi-mesuar-deri-tani\/\">\u00c7far\u00eb kemi m\u00ebsuar deri tani?<\/a><\/blockquote><iframe sandbox=\"allow-scripts\" security=\"restricted\" src=\"https:\/\/fjala.info\/2009-2015\/cfare-kemi-mesuar-deri-tani\/embed\/#?secret=XyBvQloLmp\" width=\"600\" height=\"338\" title=\"&#8220;\u00c7far\u00eb kemi m\u00ebsuar deri tani?&#8221; &#8212; FjALA e LIR\u00cb - Arkivi\" data-secret=\"XyBvQloLmp\" frameborder=\"0\" marginwidth=\"0\" marginheight=\"0\" scrolling=\"no\" class=\"wp-embedded-content\"><\/iframe><script type=\"text\/javascript\">\n\/* <![CDATA[ *\/\n\/*! This file is auto-generated *\/\n!function(d,l){\"use strict\";l.querySelector&&d.addEventListener&&\"undefined\"!=typeof URL&&(d.wp=d.wp||{},d.wp.receiveEmbedMessage||(d.wp.receiveEmbedMessage=function(e){var t=e.data;if((t||t.secret||t.message||t.value)&&!\/[^a-zA-Z0-9]\/.test(t.secret)){for(var s,r,n,a=l.querySelectorAll('iframe[data-secret=\"'+t.secret+'\"]'),o=l.querySelectorAll('blockquote[data-secret=\"'+t.secret+'\"]'),c=new RegExp(\"^https?:$\",\"i\"),i=0;i<o.length;i++)o[i].style.display=\"none\";for(i=0;i<a.length;i++)s=a[i],e.source===s.contentWindow&&(s.removeAttribute(\"style\"),\"height\"===t.message?(1e3<(r=parseInt(t.value,10))?r=1e3:~~r<200&&(r=200),s.height=r):\"link\"===t.message&&(r=new URL(s.getAttribute(\"src\")),n=new URL(t.value),c.test(n.protocol))&&n.host===r.host&&l.activeElement===s&&(d.top.location.href=t.value))}},d.addEventListener(\"message\",d.wp.receiveEmbedMessage,!1),l.addEventListener(\"DOMContentLoaded\",function(){for(var e,t,s=l.querySelectorAll(\"iframe.wp-embedded-content\"),r=0;r<s.length;r++)(t=(e=s[r]).getAttribute(\"data-secret\"))||(t=Math.random().toString(36).substring(2,12),e.src+=\"#?secret=\"+t,e.setAttribute(\"data-secret\",t)),e.contentWindow.postMessage({message:\"ready\",secret:t},\"*\")},!1)))}(window,document);\n\/\/# sourceURL=https:\/\/fjala.info\/2009-2015\/wp-includes\/js\/wp-embed.min.js\n\/* ]]> *\/\n<\/script>\n","description":"Nga Mustafa Nano Kan\u00eb qen\u00eb dy dit\u00eb t\u00eb ngjeshura me lajme, denoncime, pohime, p\u00ebrg\u00ebnjeshtrime, k\u00ebrc\u00ebnime, debate, intervista, parashikime, komente, protesta, etj. M\u00eb t\u00eb fundit ishin dy shfaqje televizive t\u00eb dh\u00ebna n\u00eb t\u00eb nj\u00ebjt\u00ebn koh\u00eb, n\u00eb dy televizione t\u00eb ndryshme (Top-channel e Tv Klan), nga dy persona t\u00eb ndrysh\u00ebm (Dritan Prifti e Ilir Meta), t\u00eb cil\u00ebt [&hellip;]","thumbnail_url":"http:\/\/fjala.shkoder.net\/wp-content\/uploads\/2011\/01\/meta_prifti.jpg"}