{"version":"1.0","provider_name":"FjALA e LIR\u00cb - Arkivi","provider_url":"https:\/\/fjala.info\/2009-2015","author_name":"admin","author_url":"https:\/\/fjala.info\/2009-2015\/author\/admin\/","title":"Blendi Fevziu dhe nj\u00eb kujtes\u00eb p\u00ebr \u201cOpinionin\u201d - FjALA e LIR\u00cb - Arkivi","type":"rich","width":600,"height":338,"html":"<blockquote class=\"wp-embedded-content\" data-secret=\"JnYCTkDbMa\"><a href=\"https:\/\/fjala.info\/2009-2015\/blendi-fevziu-dhe-nje-kujtese-per-opinionin\/\">Blendi Fevziu dhe nj\u00eb kujtes\u00eb p\u00ebr \u201cOpinionin\u201d<\/a><\/blockquote><iframe sandbox=\"allow-scripts\" security=\"restricted\" src=\"https:\/\/fjala.info\/2009-2015\/blendi-fevziu-dhe-nje-kujtese-per-opinionin\/embed\/#?secret=JnYCTkDbMa\" width=\"600\" height=\"338\" title=\"&#8220;Blendi Fevziu dhe nj\u00eb kujtes\u00eb p\u00ebr \u201cOpinionin\u201d&#8221; &#8212; FjALA e LIR\u00cb - Arkivi\" data-secret=\"JnYCTkDbMa\" frameborder=\"0\" marginwidth=\"0\" marginheight=\"0\" scrolling=\"no\" class=\"wp-embedded-content\"><\/iframe><script type=\"text\/javascript\">\n\/* <![CDATA[ *\/\n\/*! This file is auto-generated *\/\n!function(d,l){\"use strict\";l.querySelector&&d.addEventListener&&\"undefined\"!=typeof URL&&(d.wp=d.wp||{},d.wp.receiveEmbedMessage||(d.wp.receiveEmbedMessage=function(e){var t=e.data;if((t||t.secret||t.message||t.value)&&!\/[^a-zA-Z0-9]\/.test(t.secret)){for(var s,r,n,a=l.querySelectorAll('iframe[data-secret=\"'+t.secret+'\"]'),o=l.querySelectorAll('blockquote[data-secret=\"'+t.secret+'\"]'),c=new RegExp(\"^https?:$\",\"i\"),i=0;i<o.length;i++)o[i].style.display=\"none\";for(i=0;i<a.length;i++)s=a[i],e.source===s.contentWindow&&(s.removeAttribute(\"style\"),\"height\"===t.message?(1e3<(r=parseInt(t.value,10))?r=1e3:~~r<200&&(r=200),s.height=r):\"link\"===t.message&&(r=new URL(s.getAttribute(\"src\")),n=new URL(t.value),c.test(n.protocol))&&n.host===r.host&&l.activeElement===s&&(d.top.location.href=t.value))}},d.addEventListener(\"message\",d.wp.receiveEmbedMessage,!1),l.addEventListener(\"DOMContentLoaded\",function(){for(var e,t,s=l.querySelectorAll(\"iframe.wp-embedded-content\"),r=0;r<s.length;r++)(t=(e=s[r]).getAttribute(\"data-secret\"))||(t=Math.random().toString(36).substring(2,12),e.src+=\"#?secret=\"+t,e.setAttribute(\"data-secret\",t)),e.contentWindow.postMessage({message:\"ready\",secret:t},\"*\")},!1)))}(window,document);\n\/\/# sourceURL=https:\/\/fjala.info\/2009-2015\/wp-includes\/js\/wp-embed.min.js\n\/* ]]> *\/\n<\/script>\n","description":"Nga Myslim Pasha, 14 Qershor 2013 1. N\u00eb emisionin \u201cOpinion\u201d t\u00eb Blendi Fevziut, ish thirrur para disa dit\u00ebsh Kreshnik Spahiu i Aleanc\u00ebs Kuq e Zi. M\u00eb t\u00ebrhoqi v\u00ebmendjen, q\u00eb kur u p\u00ebrmend nj\u00eb nen i Kodit Penal mbi \u201cdor\u00ebzimin e territorit\u2026\u201d, \u00e7ka lidhej me paktin fam\u00ebkeq detar midis Shqip\u00ebris\u00eb dhe Greqis\u00eb dhe vendimin historik t\u00eb [&hellip;]","thumbnail_url":"http:\/\/www.fjala.info\/2013\/myslim_pasha.jpg"}