{"version":"1.0","provider_name":"FjALA e LIR\u00cb - Arkivi","provider_url":"https:\/\/fjala.info\/2009-2015","author_name":"admin","author_url":"https:\/\/fjala.info\/2009-2015\/author\/admin\/","title":"\u201cBiografia sekrete\u201d e Sali Berish\u00ebs - FjALA e LIR\u00cb - Arkivi","type":"rich","width":600,"height":338,"html":"<blockquote class=\"wp-embedded-content\" data-secret=\"PgqXXQKRNr\"><a href=\"https:\/\/fjala.info\/2009-2015\/biografia-sekrete-e-sali-berishes\/\">\u201cBiografia sekrete\u201d e Sali Berish\u00ebs<\/a><\/blockquote><iframe sandbox=\"allow-scripts\" security=\"restricted\" src=\"https:\/\/fjala.info\/2009-2015\/biografia-sekrete-e-sali-berishes\/embed\/#?secret=PgqXXQKRNr\" width=\"600\" height=\"338\" title=\"&#8220;\u201cBiografia sekrete\u201d e Sali Berish\u00ebs&#8221; &#8212; FjALA e LIR\u00cb - Arkivi\" data-secret=\"PgqXXQKRNr\" frameborder=\"0\" marginwidth=\"0\" marginheight=\"0\" scrolling=\"no\" class=\"wp-embedded-content\"><\/iframe><script type=\"text\/javascript\">\n\/* <![CDATA[ *\/\n\/*! This file is auto-generated *\/\n!function(d,l){\"use strict\";l.querySelector&&d.addEventListener&&\"undefined\"!=typeof URL&&(d.wp=d.wp||{},d.wp.receiveEmbedMessage||(d.wp.receiveEmbedMessage=function(e){var t=e.data;if((t||t.secret||t.message||t.value)&&!\/[^a-zA-Z0-9]\/.test(t.secret)){for(var s,r,n,a=l.querySelectorAll('iframe[data-secret=\"'+t.secret+'\"]'),o=l.querySelectorAll('blockquote[data-secret=\"'+t.secret+'\"]'),c=new RegExp(\"^https?:$\",\"i\"),i=0;i<o.length;i++)o[i].style.display=\"none\";for(i=0;i<a.length;i++)s=a[i],e.source===s.contentWindow&&(s.removeAttribute(\"style\"),\"height\"===t.message?(1e3<(r=parseInt(t.value,10))?r=1e3:~~r<200&&(r=200),s.height=r):\"link\"===t.message&&(r=new URL(s.getAttribute(\"src\")),n=new URL(t.value),c.test(n.protocol))&&n.host===r.host&&l.activeElement===s&&(d.top.location.href=t.value))}},d.addEventListener(\"message\",d.wp.receiveEmbedMessage,!1),l.addEventListener(\"DOMContentLoaded\",function(){for(var e,t,s=l.querySelectorAll(\"iframe.wp-embedded-content\"),r=0;r<s.length;r++)(t=(e=s[r]).getAttribute(\"data-secret\"))||(t=Math.random().toString(36).substring(2,12),e.src+=\"#?secret=\"+t,e.setAttribute(\"data-secret\",t)),e.contentWindow.postMessage({message:\"ready\",secret:t},\"*\")},!1)))}(window,document);\n\/\/# sourceURL=https:\/\/fjala.info\/2009-2015\/wp-includes\/js\/wp-embed.min.js\n\/* ]]> *\/\n<\/script>\n","description":"Dokumentat dhe faktet e paraqitura m\u00eb posht\u00eb jan\u00eb pjes\u00eb nga nj\u00eb seri artikujsh q\u00eb jan\u00eb botuar n\u00eb gazet\u00ebn \u201cKoha Ditore\u201d, Prishtin\u00eb, n\u00eb vitin 1998. Si dhe d\u00ebshmi t\u00eb nj\u00eb shqiptari q\u00eb ndodhet n\u00eb Amerik\u00eb(SHBA). Autori: A.D Kush \u00ebsht\u00eb Sali Berisha? N\u00eb t\u00eb kaluar\u00ebn e her\u00ebshme familja e tij \u00ebsht\u00eb shk\u00ebputur nga zonat e Detit Kaspik [&hellip;]","thumbnail_url":"http:\/\/www.fjala.info\/2012\/sali_berisha_real.jpg"}