{"version":"1.0","provider_name":"FjALA e LIR\u00cb - Arkivi","provider_url":"https:\/\/fjala.info\/2009-2015","author_name":"admin","author_url":"https:\/\/fjala.info\/2009-2015\/author\/admin\/","title":"BETEJA P\u00cbR TIRAN\u00cbN \u2013 P\u00cbRSE ARVIZU MB\u00cbSHTET RAM\u00cbN? - FjALA e LIR\u00cb - Arkivi","type":"rich","width":600,"height":338,"html":"<blockquote class=\"wp-embedded-content\" data-secret=\"bAsJwuDnJQ\"><a href=\"https:\/\/fjala.info\/2009-2015\/beteja-per-tiranen-perse-arvizu-mbeshtet-ramen\/\">BETEJA P\u00cbR TIRAN\u00cbN \u2013 P\u00cbRSE ARVIZU MB\u00cbSHTET RAM\u00cbN?<\/a><\/blockquote><iframe sandbox=\"allow-scripts\" security=\"restricted\" src=\"https:\/\/fjala.info\/2009-2015\/beteja-per-tiranen-perse-arvizu-mbeshtet-ramen\/embed\/#?secret=bAsJwuDnJQ\" width=\"600\" height=\"338\" title=\"&#8220;BETEJA P\u00cbR TIRAN\u00cbN \u2013 P\u00cbRSE ARVIZU MB\u00cbSHTET RAM\u00cbN?&#8221; &#8212; FjALA e LIR\u00cb - Arkivi\" data-secret=\"bAsJwuDnJQ\" frameborder=\"0\" marginwidth=\"0\" marginheight=\"0\" scrolling=\"no\" class=\"wp-embedded-content\"><\/iframe><script type=\"text\/javascript\">\n\/* <![CDATA[ *\/\n\/*! This file is auto-generated *\/\n!function(d,l){\"use strict\";l.querySelector&&d.addEventListener&&\"undefined\"!=typeof URL&&(d.wp=d.wp||{},d.wp.receiveEmbedMessage||(d.wp.receiveEmbedMessage=function(e){var t=e.data;if((t||t.secret||t.message||t.value)&&!\/[^a-zA-Z0-9]\/.test(t.secret)){for(var s,r,n,a=l.querySelectorAll('iframe[data-secret=\"'+t.secret+'\"]'),o=l.querySelectorAll('blockquote[data-secret=\"'+t.secret+'\"]'),c=new RegExp(\"^https?:$\",\"i\"),i=0;i<o.length;i++)o[i].style.display=\"none\";for(i=0;i<a.length;i++)s=a[i],e.source===s.contentWindow&&(s.removeAttribute(\"style\"),\"height\"===t.message?(1e3<(r=parseInt(t.value,10))?r=1e3:~~r<200&&(r=200),s.height=r):\"link\"===t.message&&(r=new URL(s.getAttribute(\"src\")),n=new URL(t.value),c.test(n.protocol))&&n.host===r.host&&l.activeElement===s&&(d.top.location.href=t.value))}},d.addEventListener(\"message\",d.wp.receiveEmbedMessage,!1),l.addEventListener(\"DOMContentLoaded\",function(){for(var e,t,s=l.querySelectorAll(\"iframe.wp-embedded-content\"),r=0;r<s.length;r++)(t=(e=s[r]).getAttribute(\"data-secret\"))||(t=Math.random().toString(36).substring(2,12),e.src+=\"#?secret=\"+t,e.setAttribute(\"data-secret\",t)),e.contentWindow.postMessage({message:\"ready\",secret:t},\"*\")},!1)))}(window,document);\n\/\/# sourceURL=https:\/\/fjala.info\/2009-2015\/wp-includes\/js\/wp-embed.min.js\n\/* ]]> *\/\n<\/script>\n","description":"Gjergji Vurmo, 29.03.2011 Para se t\u2019i p\u00ebrgjigjem pyetjes s\u00eb titullit dhe t\u00eb shuaj mbase kureshtjen e atyre lexuesve, mendja e t\u00eb cil\u00ebve \u00ebsht\u00eb p\u00ebrpir\u00eb t\u00ebr\u00ebsisht nga ethet elektorale, m\u00eb lejoni t\u00eb parashtroj disa shqet\u00ebsime (n\u00eb funksion t\u00eb p\u00ebrgjigjes) q\u00eb besoj se duhet t\u00eb shoq\u00ebrojn\u00eb betej\u00ebn p\u00ebr Tiran\u00ebn. Fatkeq\u00ebsisht, shum\u00ebkush sot jo pa t\u00eb drejt\u00eb druan [&hellip;]"}