{"version":"1.0","provider_name":"FjALA e LIR\u00cb - Arkivi","provider_url":"https:\/\/fjala.info\/2009-2015","author_name":"admin","author_url":"https:\/\/fjala.info\/2009-2015\/author\/admin\/","title":"Beteja e kot\u00eb me Berish\u00ebn pro-sllav - FjALA e LIR\u00cb - Arkivi","type":"rich","width":600,"height":338,"html":"<blockquote class=\"wp-embedded-content\" data-secret=\"0caWcNmjPh\"><a href=\"https:\/\/fjala.info\/2009-2015\/beteja-e-kote-me-berishen-pro-sllav\/\">Beteja e kot\u00eb me Berish\u00ebn pro-sllav<\/a><\/blockquote><iframe sandbox=\"allow-scripts\" security=\"restricted\" src=\"https:\/\/fjala.info\/2009-2015\/beteja-e-kote-me-berishen-pro-sllav\/embed\/#?secret=0caWcNmjPh\" width=\"600\" height=\"338\" title=\"&#8220;Beteja e kot\u00eb me Berish\u00ebn pro-sllav&#8221; &#8212; FjALA e LIR\u00cb - Arkivi\" data-secret=\"0caWcNmjPh\" frameborder=\"0\" marginwidth=\"0\" marginheight=\"0\" scrolling=\"no\" class=\"wp-embedded-content\"><\/iframe><script type=\"text\/javascript\">\n\/* <![CDATA[ *\/\n\/*! This file is auto-generated *\/\n!function(d,l){\"use strict\";l.querySelector&&d.addEventListener&&\"undefined\"!=typeof URL&&(d.wp=d.wp||{},d.wp.receiveEmbedMessage||(d.wp.receiveEmbedMessage=function(e){var t=e.data;if((t||t.secret||t.message||t.value)&&!\/[^a-zA-Z0-9]\/.test(t.secret)){for(var s,r,n,a=l.querySelectorAll('iframe[data-secret=\"'+t.secret+'\"]'),o=l.querySelectorAll('blockquote[data-secret=\"'+t.secret+'\"]'),c=new RegExp(\"^https?:$\",\"i\"),i=0;i<o.length;i++)o[i].style.display=\"none\";for(i=0;i<a.length;i++)s=a[i],e.source===s.contentWindow&&(s.removeAttribute(\"style\"),\"height\"===t.message?(1e3<(r=parseInt(t.value,10))?r=1e3:~~r<200&&(r=200),s.height=r):\"link\"===t.message&&(r=new URL(s.getAttribute(\"src\")),n=new URL(t.value),c.test(n.protocol))&&n.host===r.host&&l.activeElement===s&&(d.top.location.href=t.value))}},d.addEventListener(\"message\",d.wp.receiveEmbedMessage,!1),l.addEventListener(\"DOMContentLoaded\",function(){for(var e,t,s=l.querySelectorAll(\"iframe.wp-embedded-content\"),r=0;r<s.length;r++)(t=(e=s[r]).getAttribute(\"data-secret\"))||(t=Math.random().toString(36).substring(2,12),e.src+=\"#?secret=\"+t,e.setAttribute(\"data-secret\",t)),e.contentWindow.postMessage({message:\"ready\",secret:t},\"*\")},!1)))}(window,document);\n\/\/# sourceURL=https:\/\/fjala.info\/2009-2015\/wp-includes\/js\/wp-embed.min.js\n\/* ]]> *\/\n<\/script>\n","description":"Nga Andi Bushati, 13 Mars 2013 Sali Berisha nj\u00eb njeri i serb\u00ebve? Kjo pik\u00ebpyetje q\u00eb ka g\u00ebluar her\u00eb n\u00eb form\u00eb thashethemesh e her\u00eb n\u00eb form\u00eb akuze, n\u00eb t\u00eb gjitha goj\u00ebt e kund\u00ebrshtar\u00ebve t\u00eb tij, \u00ebsht\u00eb shfaqur dje n\u00eb ballin\u00ebn e nj\u00eb gazete n\u00eb ngritje, shum\u00eb e af\u00ebrt me opozit\u00ebn shqiptare. N\u00eb hulumtimin e saj, gazeta [&hellip;]","thumbnail_url":"http:\/\/www.fjala.info\/2013\/andi_bushati.jpg"}