{"version":"1.0","provider_name":"FjALA e LIR\u00cb - Arkivi","provider_url":"https:\/\/fjala.info\/2009-2015","author_name":"admin","author_url":"https:\/\/fjala.info\/2009-2015\/author\/admin\/","title":"BERISHA, XX VJET KUND\u00cbR GJYQ\u00cbSORIT - FjALA e LIR\u00cb - Arkivi","type":"rich","width":600,"height":338,"html":"<blockquote class=\"wp-embedded-content\" data-secret=\"fc3oggAxLb\"><a href=\"https:\/\/fjala.info\/2009-2015\/berisha-xx-vjet-kunder-gjyqesorit\/\">BERISHA, XX VJET KUND\u00cbR GJYQ\u00cbSORIT<\/a><\/blockquote><iframe sandbox=\"allow-scripts\" security=\"restricted\" src=\"https:\/\/fjala.info\/2009-2015\/berisha-xx-vjet-kunder-gjyqesorit\/embed\/#?secret=fc3oggAxLb\" width=\"600\" height=\"338\" title=\"&#8220;BERISHA, XX VJET KUND\u00cbR GJYQ\u00cbSORIT&#8221; &#8212; FjALA e LIR\u00cb - Arkivi\" data-secret=\"fc3oggAxLb\" frameborder=\"0\" marginwidth=\"0\" marginheight=\"0\" scrolling=\"no\" class=\"wp-embedded-content\"><\/iframe><script type=\"text\/javascript\">\n\/* <![CDATA[ *\/\n\/*! This file is auto-generated *\/\n!function(d,l){\"use strict\";l.querySelector&&d.addEventListener&&\"undefined\"!=typeof URL&&(d.wp=d.wp||{},d.wp.receiveEmbedMessage||(d.wp.receiveEmbedMessage=function(e){var t=e.data;if((t||t.secret||t.message||t.value)&&!\/[^a-zA-Z0-9]\/.test(t.secret)){for(var s,r,n,a=l.querySelectorAll('iframe[data-secret=\"'+t.secret+'\"]'),o=l.querySelectorAll('blockquote[data-secret=\"'+t.secret+'\"]'),c=new RegExp(\"^https?:$\",\"i\"),i=0;i<o.length;i++)o[i].style.display=\"none\";for(i=0;i<a.length;i++)s=a[i],e.source===s.contentWindow&&(s.removeAttribute(\"style\"),\"height\"===t.message?(1e3<(r=parseInt(t.value,10))?r=1e3:~~r<200&&(r=200),s.height=r):\"link\"===t.message&&(r=new URL(s.getAttribute(\"src\")),n=new URL(t.value),c.test(n.protocol))&&n.host===r.host&&l.activeElement===s&&(d.top.location.href=t.value))}},d.addEventListener(\"message\",d.wp.receiveEmbedMessage,!1),l.addEventListener(\"DOMContentLoaded\",function(){for(var e,t,s=l.querySelectorAll(\"iframe.wp-embedded-content\"),r=0;r<s.length;r++)(t=(e=s[r]).getAttribute(\"data-secret\"))||(t=Math.random().toString(36).substring(2,12),e.src+=\"#?secret=\"+t,e.setAttribute(\"data-secret\",t)),e.contentWindow.postMessage({message:\"ready\",secret:t},\"*\")},!1)))}(window,document);\n\/\/# sourceURL=https:\/\/fjala.info\/2009-2015\/wp-includes\/js\/wp-embed.min.js\n\/* ]]> *\/\n<\/script>\n","description":"Andrea Stefani Pasi Kryeministri Berisha rr\u00ebzoi n\u00eb Kuvend kandidatur\u00ebn p\u00ebr an\u00ebtar t\u00eb Gjykat\u00ebs Kushtetuese t\u00eb juristit Vangjel Kosta \u00ebsht\u00eb edhe ambasadori amerikan, Withers, q\u00eb sapo ka dh\u00ebn\u00eb alarmin p\u00ebr k\u00ebt\u00eb refuzim \u201cbefasues\u201d dhe t\u00eb \u201cpakuptuesh\u00ebm\u201d t\u00eb shumic\u00ebs. Dhe po Withers k\u00ebrkoi edhe ndihm\u00ebn e gazetar\u00ebve p\u00ebr t\u00eb zbuluar n\u00ebse \u201cu bazua ky vendim mbi arsyet [&hellip;]","thumbnail_url":"http:\/\/www.shkoder.net\/images\/fjala\/andrea_stefani.jpg"}