{"version":"1.0","provider_name":"FjALA e LIR\u00cb - Arkivi","provider_url":"https:\/\/fjala.info\/2009-2015","author_name":"admin","author_url":"https:\/\/fjala.info\/2009-2015\/author\/admin\/","title":"Berisha t\u00eb \u00e7on te Rama - FjALA e LIR\u00cb - Arkivi","type":"rich","width":600,"height":338,"html":"<blockquote class=\"wp-embedded-content\" data-secret=\"1OLZTELykn\"><a href=\"https:\/\/fjala.info\/2009-2015\/berisha-te-con-te-rama\/\">Berisha t\u00eb \u00e7on te Rama<\/a><\/blockquote><iframe sandbox=\"allow-scripts\" security=\"restricted\" src=\"https:\/\/fjala.info\/2009-2015\/berisha-te-con-te-rama\/embed\/#?secret=1OLZTELykn\" width=\"600\" height=\"338\" title=\"&#8220;Berisha t\u00eb \u00e7on te Rama&#8221; &#8212; FjALA e LIR\u00cb - Arkivi\" data-secret=\"1OLZTELykn\" frameborder=\"0\" marginwidth=\"0\" marginheight=\"0\" scrolling=\"no\" class=\"wp-embedded-content\"><\/iframe><script type=\"text\/javascript\">\n\/* <![CDATA[ *\/\n\/*! This file is auto-generated *\/\n!function(d,l){\"use strict\";l.querySelector&&d.addEventListener&&\"undefined\"!=typeof URL&&(d.wp=d.wp||{},d.wp.receiveEmbedMessage||(d.wp.receiveEmbedMessage=function(e){var t=e.data;if((t||t.secret||t.message||t.value)&&!\/[^a-zA-Z0-9]\/.test(t.secret)){for(var s,r,n,a=l.querySelectorAll('iframe[data-secret=\"'+t.secret+'\"]'),o=l.querySelectorAll('blockquote[data-secret=\"'+t.secret+'\"]'),c=new RegExp(\"^https?:$\",\"i\"),i=0;i<o.length;i++)o[i].style.display=\"none\";for(i=0;i<a.length;i++)s=a[i],e.source===s.contentWindow&&(s.removeAttribute(\"style\"),\"height\"===t.message?(1e3<(r=parseInt(t.value,10))?r=1e3:~~r<200&&(r=200),s.height=r):\"link\"===t.message&&(r=new URL(s.getAttribute(\"src\")),n=new URL(t.value),c.test(n.protocol))&&n.host===r.host&&l.activeElement===s&&(d.top.location.href=t.value))}},d.addEventListener(\"message\",d.wp.receiveEmbedMessage,!1),l.addEventListener(\"DOMContentLoaded\",function(){for(var e,t,s=l.querySelectorAll(\"iframe.wp-embedded-content\"),r=0;r<s.length;r++)(t=(e=s[r]).getAttribute(\"data-secret\"))||(t=Math.random().toString(36).substring(2,12),e.src+=\"#?secret=\"+t,e.setAttribute(\"data-secret\",t)),e.contentWindow.postMessage({message:\"ready\",secret:t},\"*\")},!1)))}(window,document);\n\/\/# sourceURL=https:\/\/fjala.info\/2009-2015\/wp-includes\/js\/wp-embed.min.js\n\/* ]]> *\/\n<\/script>\n","description":"Kimete Berisha K\u00ebshilli i Evrop\u00ebs, ka d\u00ebshtuar q\u00eb ta gjej nj\u00eb plak t\u00eb p\u00ebrshtatsh\u00ebm dhe bind\u00ebs p\u00ebr ta autorizuar q\u00eb gjat\u00eb pranver\u00ebs (2013) zyrtarisht t\u00eb shkoj n\u00eb Tiran\u00eb p\u00ebr t\u2019i pajtuar gjaqet nd\u00ebrmjet kandidat\u00ebve shqiptar\u00eb q\u00eb luftojn\u00eb p\u00ebr pushtet shqiptar. Nj\u00eb zyrtar i lart\u00eb i KE-s\u00eb, (ish-pun\u00ebtor i Misionit n\u00eb Kosov\u00eb), duke m\u00eb lutur q\u00eb [&hellip;]","thumbnail_url":"http:\/\/www.fjala.info\/2013\/kimete_berisha1.jpg"}