{"version":"1.0","provider_name":"FjALA e LIR\u00cb - Arkivi","provider_url":"https:\/\/fjala.info\/2009-2015","author_name":"admin","author_url":"https:\/\/fjala.info\/2009-2015\/author\/admin\/","title":"Berisha, n\u00eb k\u00ebrkim t\u00eb gjyqtar\u00ebve t\u00eb tij - FjALA e LIR\u00cb - Arkivi","type":"rich","width":600,"height":338,"html":"<blockquote class=\"wp-embedded-content\" data-secret=\"r8lb2HJh2D\"><a href=\"https:\/\/fjala.info\/2009-2015\/berisha-ne-kerkim-te-gjyqtareve-te-tij\/\">Berisha, n\u00eb k\u00ebrkim t\u00eb gjyqtar\u00ebve t\u00eb tij<\/a><\/blockquote><iframe sandbox=\"allow-scripts\" security=\"restricted\" src=\"https:\/\/fjala.info\/2009-2015\/berisha-ne-kerkim-te-gjyqtareve-te-tij\/embed\/#?secret=r8lb2HJh2D\" width=\"600\" height=\"338\" title=\"&#8220;Berisha, n\u00eb k\u00ebrkim t\u00eb gjyqtar\u00ebve t\u00eb tij&#8221; &#8212; FjALA e LIR\u00cb - Arkivi\" data-secret=\"r8lb2HJh2D\" frameborder=\"0\" marginwidth=\"0\" marginheight=\"0\" scrolling=\"no\" class=\"wp-embedded-content\"><\/iframe><script type=\"text\/javascript\">\n\/* <![CDATA[ *\/\n\/*! This file is auto-generated *\/\n!function(d,l){\"use strict\";l.querySelector&&d.addEventListener&&\"undefined\"!=typeof URL&&(d.wp=d.wp||{},d.wp.receiveEmbedMessage||(d.wp.receiveEmbedMessage=function(e){var t=e.data;if((t||t.secret||t.message||t.value)&&!\/[^a-zA-Z0-9]\/.test(t.secret)){for(var s,r,n,a=l.querySelectorAll('iframe[data-secret=\"'+t.secret+'\"]'),o=l.querySelectorAll('blockquote[data-secret=\"'+t.secret+'\"]'),c=new RegExp(\"^https?:$\",\"i\"),i=0;i<o.length;i++)o[i].style.display=\"none\";for(i=0;i<a.length;i++)s=a[i],e.source===s.contentWindow&&(s.removeAttribute(\"style\"),\"height\"===t.message?(1e3<(r=parseInt(t.value,10))?r=1e3:~~r<200&&(r=200),s.height=r):\"link\"===t.message&&(r=new URL(s.getAttribute(\"src\")),n=new URL(t.value),c.test(n.protocol))&&n.host===r.host&&l.activeElement===s&&(d.top.location.href=t.value))}},d.addEventListener(\"message\",d.wp.receiveEmbedMessage,!1),l.addEventListener(\"DOMContentLoaded\",function(){for(var e,t,s=l.querySelectorAll(\"iframe.wp-embedded-content\"),r=0;r<s.length;r++)(t=(e=s[r]).getAttribute(\"data-secret\"))||(t=Math.random().toString(36).substring(2,12),e.src+=\"#?secret=\"+t,e.setAttribute(\"data-secret\",t)),e.contentWindow.postMessage({message:\"ready\",secret:t},\"*\")},!1)))}(window,document);\n\/\/# sourceURL=https:\/\/fjala.info\/2009-2015\/wp-includes\/js\/wp-embed.min.js\n\/* ]]> *\/\n<\/script>\n","description":"Mero Baze, 02.11.2010 Kryeministrit Sali Berisha do t&#8217;i duhet t\u00eb riformuloj\u00eb kritere t\u00eb reja p\u00ebr standardin q\u00eb duhet t\u00eb plot\u00ebsojn\u00eb kandidaturat p\u00ebr n\u00eb Gjykat\u00ebn Kushtuese, pasi rr\u00ebzoi dje tri kandidatura t\u00eb paraqitura nga Presidenti Bamir Topi, t\u00eb cilat p\u00ebrmbushnin dy kriteret, p\u00ebr t\u00eb cilat ai justifikoi vitin e shkuar rr\u00ebzimin e dekreteve t\u00eb tij. Jan\u00eb [&hellip;]","thumbnail_url":"http:\/\/fjala.shkoder.net\/wp-content\/uploads\/2010\/10\/mero_baze1.jpg"}