{"version":"1.0","provider_name":"FjALA e LIR\u00cb - Arkivi","provider_url":"https:\/\/fjala.info\/2009-2015","author_name":"admin","author_url":"https:\/\/fjala.info\/2009-2015\/author\/admin\/","title":"ALIBIT\u00cb E BRENDIS\u00cb S\u00cb TRADHTUAR - FjALA e LIR\u00cb - Arkivi","type":"rich","width":600,"height":338,"html":"<blockquote class=\"wp-embedded-content\" data-secret=\"tJc83wgUQG\"><a href=\"https:\/\/fjala.info\/2009-2015\/alibite-e-brendise-se-tradhtuar\/\">ALIBIT\u00cb E BRENDIS\u00cb S\u00cb TRADHTUAR<\/a><\/blockquote><iframe sandbox=\"allow-scripts\" security=\"restricted\" src=\"https:\/\/fjala.info\/2009-2015\/alibite-e-brendise-se-tradhtuar\/embed\/#?secret=tJc83wgUQG\" width=\"600\" height=\"338\" title=\"&#8220;ALIBIT\u00cb E BRENDIS\u00cb S\u00cb TRADHTUAR&#8221; &#8212; FjALA e LIR\u00cb - Arkivi\" data-secret=\"tJc83wgUQG\" frameborder=\"0\" marginwidth=\"0\" marginheight=\"0\" scrolling=\"no\" class=\"wp-embedded-content\"><\/iframe><script type=\"text\/javascript\">\n\/* <![CDATA[ *\/\n\/*! This file is auto-generated *\/\n!function(d,l){\"use strict\";l.querySelector&&d.addEventListener&&\"undefined\"!=typeof URL&&(d.wp=d.wp||{},d.wp.receiveEmbedMessage||(d.wp.receiveEmbedMessage=function(e){var t=e.data;if((t||t.secret||t.message||t.value)&&!\/[^a-zA-Z0-9]\/.test(t.secret)){for(var s,r,n,a=l.querySelectorAll('iframe[data-secret=\"'+t.secret+'\"]'),o=l.querySelectorAll('blockquote[data-secret=\"'+t.secret+'\"]'),c=new RegExp(\"^https?:$\",\"i\"),i=0;i<o.length;i++)o[i].style.display=\"none\";for(i=0;i<a.length;i++)s=a[i],e.source===s.contentWindow&&(s.removeAttribute(\"style\"),\"height\"===t.message?(1e3<(r=parseInt(t.value,10))?r=1e3:~~r<200&&(r=200),s.height=r):\"link\"===t.message&&(r=new URL(s.getAttribute(\"src\")),n=new URL(t.value),c.test(n.protocol))&&n.host===r.host&&l.activeElement===s&&(d.top.location.href=t.value))}},d.addEventListener(\"message\",d.wp.receiveEmbedMessage,!1),l.addEventListener(\"DOMContentLoaded\",function(){for(var e,t,s=l.querySelectorAll(\"iframe.wp-embedded-content\"),r=0;r<s.length;r++)(t=(e=s[r]).getAttribute(\"data-secret\"))||(t=Math.random().toString(36).substring(2,12),e.src+=\"#?secret=\"+t,e.setAttribute(\"data-secret\",t)),e.contentWindow.postMessage({message:\"ready\",secret:t},\"*\")},!1)))}(window,document);\n\/\/# sourceURL=https:\/\/fjala.info\/2009-2015\/wp-includes\/js\/wp-embed.min.js\n\/* ]]> *\/\n<\/script>\n","description":"ALEKSAND\u00cbR \u00c7IPA, 14 Maj 2013 Aleksander CipaNga \u201cKa\u00e7i\u201d te \u201cKo\u00e7ua\u201d dhe tek \u201cautobusi mavi\u201d: Kaq dit\u00eb, deri n\u00eb mbr\u00ebmjen e \u00e7eljes s\u00eb fushat\u00ebs zyrtare p\u00ebr zgjedhjet e 23 qershorit, Kryeministri Berisha po shpotit kund\u00ebrshtarin zyrtar, kryetarin e socialist\u00ebve, zotin Rama.(!) P\u00ebr gati 10 dit\u00eb \u00ebsht\u00eb nj\u00eb histori polemistike, e cila vlen p\u00ebrkoh\u00ebsisht dhe mbetet fatpandryshuar. [&hellip;]","thumbnail_url":"http:\/\/www.fjala.info\/2012\/aleksander_cipa.jpg"}