{"version":"1.0","provider_name":"FjALA e LIR\u00cb - Arkivi","provider_url":"https:\/\/fjala.info\/2009-2015","author_name":"admin","author_url":"https:\/\/fjala.info\/2009-2015\/author\/admin\/","title":"Adem Jashari - legjend\u00eb e ikonave tona! - FjALA e LIR\u00cb - Arkivi","type":"rich","width":600,"height":338,"html":"<blockquote class=\"wp-embedded-content\" data-secret=\"j5wR5OJumN\"><a href=\"https:\/\/fjala.info\/2009-2015\/adem-jashari-legjende-e-ikonave-tona\/\">Adem Jashari &#8211; legjend\u00eb e ikonave tona!<\/a><\/blockquote><iframe sandbox=\"allow-scripts\" security=\"restricted\" src=\"https:\/\/fjala.info\/2009-2015\/adem-jashari-legjende-e-ikonave-tona\/embed\/#?secret=j5wR5OJumN\" width=\"600\" height=\"338\" title=\"&#8220;Adem Jashari &#8211; legjend\u00eb e ikonave tona!&#8221; &#8212; FjALA e LIR\u00cb - Arkivi\" data-secret=\"j5wR5OJumN\" frameborder=\"0\" marginwidth=\"0\" marginheight=\"0\" scrolling=\"no\" class=\"wp-embedded-content\"><\/iframe><script type=\"text\/javascript\">\n\/* <![CDATA[ *\/\n\/*! This file is auto-generated *\/\n!function(d,l){\"use strict\";l.querySelector&&d.addEventListener&&\"undefined\"!=typeof URL&&(d.wp=d.wp||{},d.wp.receiveEmbedMessage||(d.wp.receiveEmbedMessage=function(e){var t=e.data;if((t||t.secret||t.message||t.value)&&!\/[^a-zA-Z0-9]\/.test(t.secret)){for(var s,r,n,a=l.querySelectorAll('iframe[data-secret=\"'+t.secret+'\"]'),o=l.querySelectorAll('blockquote[data-secret=\"'+t.secret+'\"]'),c=new RegExp(\"^https?:$\",\"i\"),i=0;i<o.length;i++)o[i].style.display=\"none\";for(i=0;i<a.length;i++)s=a[i],e.source===s.contentWindow&&(s.removeAttribute(\"style\"),\"height\"===t.message?(1e3<(r=parseInt(t.value,10))?r=1e3:~~r<200&&(r=200),s.height=r):\"link\"===t.message&&(r=new URL(s.getAttribute(\"src\")),n=new URL(t.value),c.test(n.protocol))&&n.host===r.host&&l.activeElement===s&&(d.top.location.href=t.value))}},d.addEventListener(\"message\",d.wp.receiveEmbedMessage,!1),l.addEventListener(\"DOMContentLoaded\",function(){for(var e,t,s=l.querySelectorAll(\"iframe.wp-embedded-content\"),r=0;r<s.length;r++)(t=(e=s[r]).getAttribute(\"data-secret\"))||(t=Math.random().toString(36).substring(2,12),e.src+=\"#?secret=\"+t,e.setAttribute(\"data-secret\",t)),e.contentWindow.postMessage({message:\"ready\",secret:t},\"*\")},!1)))}(window,document);\n\/\/# sourceURL=https:\/\/fjala.info\/2009-2015\/wp-includes\/js\/wp-embed.min.js\n\/* ]]> *\/\n<\/script>\n","description":"Adem Jashari shk\u00ebndij\u00eb e liris\u00eb ! Nga Asllan Dibrani Ai \u00ebsht\u00eb nj\u00eb ikon\u00eb legjendare P\u00ebr shqiptar\u00ebt i pa vdeksh\u00ebm Ai mbante kuror\u00eb flamur e pushk\u00eb Kryq\u00ebzat\u00eb yjesh si t\u00eb vdiset Frym\u00ebzim i fuqish\u00ebm p\u00ebr kombin Gjurm\u00eb shk\u00ebndijash t\u00eb liris\u00eb Ishte Simbol i heroizmit Forc\u00eb kishte idealin Fener i liris\u00eb p\u00ebrgjithmon\u00eb P\u00ebr tok\u00eb e atdhe Dinjiteti, [&hellip;]","thumbnail_url":"http:\/\/www.fjala.info\/2014\/busti_jasharit.jpg"}