{"version":"1.0","provider_name":"FjALA e LIR\u00cb - Arkivi","provider_url":"https:\/\/fjala.info\/2009-2015","author_name":"admin","author_url":"https:\/\/fjala.info\/2009-2015\/author\/admin\/","title":"A po \u00e7ift\u00ebzohet Vet\u00ebvendosje me ekstremizmin islamik? - FjALA e LIR\u00cb - Arkivi","type":"rich","width":600,"height":338,"html":"<blockquote class=\"wp-embedded-content\" data-secret=\"19qMAqDunX\"><a href=\"https:\/\/fjala.info\/2009-2015\/a-po-ciftezohet-vetevendosje-me-ekstremizmin-islamik\/\">A po \u00e7ift\u00ebzohet Vet\u00ebvendosje me ekstremizmin islamik?<\/a><\/blockquote><iframe sandbox=\"allow-scripts\" security=\"restricted\" src=\"https:\/\/fjala.info\/2009-2015\/a-po-ciftezohet-vetevendosje-me-ekstremizmin-islamik\/embed\/#?secret=19qMAqDunX\" width=\"600\" height=\"338\" title=\"&#8220;A po \u00e7ift\u00ebzohet Vet\u00ebvendosje me ekstremizmin islamik?&#8221; &#8212; FjALA e LIR\u00cb - Arkivi\" data-secret=\"19qMAqDunX\" frameborder=\"0\" marginwidth=\"0\" marginheight=\"0\" scrolling=\"no\" class=\"wp-embedded-content\"><\/iframe><script type=\"text\/javascript\">\n\/* <![CDATA[ *\/\n\/*! This file is auto-generated *\/\n!function(d,l){\"use strict\";l.querySelector&&d.addEventListener&&\"undefined\"!=typeof URL&&(d.wp=d.wp||{},d.wp.receiveEmbedMessage||(d.wp.receiveEmbedMessage=function(e){var t=e.data;if((t||t.secret||t.message||t.value)&&!\/[^a-zA-Z0-9]\/.test(t.secret)){for(var s,r,n,a=l.querySelectorAll('iframe[data-secret=\"'+t.secret+'\"]'),o=l.querySelectorAll('blockquote[data-secret=\"'+t.secret+'\"]'),c=new RegExp(\"^https?:$\",\"i\"),i=0;i<o.length;i++)o[i].style.display=\"none\";for(i=0;i<a.length;i++)s=a[i],e.source===s.contentWindow&&(s.removeAttribute(\"style\"),\"height\"===t.message?(1e3<(r=parseInt(t.value,10))?r=1e3:~~r<200&&(r=200),s.height=r):\"link\"===t.message&&(r=new URL(s.getAttribute(\"src\")),n=new URL(t.value),c.test(n.protocol))&&n.host===r.host&&l.activeElement===s&&(d.top.location.href=t.value))}},d.addEventListener(\"message\",d.wp.receiveEmbedMessage,!1),l.addEventListener(\"DOMContentLoaded\",function(){for(var e,t,s=l.querySelectorAll(\"iframe.wp-embedded-content\"),r=0;r<s.length;r++)(t=(e=s[r]).getAttribute(\"data-secret\"))||(t=Math.random().toString(36).substring(2,12),e.src+=\"#?secret=\"+t,e.setAttribute(\"data-secret\",t)),e.contentWindow.postMessage({message:\"ready\",secret:t},\"*\")},!1)))}(window,document);\n\/\/# sourceURL=https:\/\/fjala.info\/2009-2015\/wp-includes\/js\/wp-embed.min.js\n\/* ]]> *\/\n<\/script>\n","description":"Nga Arben Idrizi, 1 Korrik 2013 \u00cbsht\u00eb hera e par\u00eb q\u00eb ndaj nj\u00eb t\u00eb b\u00ebme t\u00eb zakonshme t\u00eb dhunshme t\u00eb Vet\u00ebvendosje reagojn\u00eb nj\u00ebz\u00ebri t\u00eb gjitha subjektet politike, institucionet e ndryshme n\u00eb vend, opinionist\u00ebt, etj. Me gjas\u00eb Vet\u00ebvendosjes i mbeti t\u00eb ngush\u00ebllohet vet\u00ebm nga p\u00ebrkrahja e ekstremizmit islamik. V\u00ebrej se shumica jan\u00eb t\u00eb habitur pse Vet\u00ebvendosje [&hellip;]","thumbnail_url":"http:\/\/www.fjala.info\/2013\/albin_kurti1.jpg"}