{"version":"1.0","provider_name":"FjALA e LIR\u00cb - Arkivi","provider_url":"https:\/\/fjala.info\/2009-2015","author_name":"admin","author_url":"https:\/\/fjala.info\/2009-2015\/author\/admin\/","title":"A k\u00ebshillohet i pak\u00ebshillueshmi? - FjALA e LIR\u00cb - Arkivi","type":"rich","width":600,"height":338,"html":"<blockquote class=\"wp-embedded-content\" data-secret=\"7FNN95cx0y\"><a href=\"https:\/\/fjala.info\/2009-2015\/a-keshillohet-i-pakeshillueshmi\/\">A k\u00ebshillohet i pak\u00ebshillueshmi?<\/a><\/blockquote><iframe sandbox=\"allow-scripts\" security=\"restricted\" src=\"https:\/\/fjala.info\/2009-2015\/a-keshillohet-i-pakeshillueshmi\/embed\/#?secret=7FNN95cx0y\" width=\"600\" height=\"338\" title=\"&#8220;A k\u00ebshillohet i pak\u00ebshillueshmi?&#8221; &#8212; FjALA e LIR\u00cb - Arkivi\" data-secret=\"7FNN95cx0y\" frameborder=\"0\" marginwidth=\"0\" marginheight=\"0\" scrolling=\"no\" class=\"wp-embedded-content\"><\/iframe><script type=\"text\/javascript\">\n\/* <![CDATA[ *\/\n\/*! This file is auto-generated *\/\n!function(d,l){\"use strict\";l.querySelector&&d.addEventListener&&\"undefined\"!=typeof URL&&(d.wp=d.wp||{},d.wp.receiveEmbedMessage||(d.wp.receiveEmbedMessage=function(e){var t=e.data;if((t||t.secret||t.message||t.value)&&!\/[^a-zA-Z0-9]\/.test(t.secret)){for(var s,r,n,a=l.querySelectorAll('iframe[data-secret=\"'+t.secret+'\"]'),o=l.querySelectorAll('blockquote[data-secret=\"'+t.secret+'\"]'),c=new RegExp(\"^https?:$\",\"i\"),i=0;i<o.length;i++)o[i].style.display=\"none\";for(i=0;i<a.length;i++)s=a[i],e.source===s.contentWindow&&(s.removeAttribute(\"style\"),\"height\"===t.message?(1e3<(r=parseInt(t.value,10))?r=1e3:~~r<200&&(r=200),s.height=r):\"link\"===t.message&&(r=new URL(s.getAttribute(\"src\")),n=new URL(t.value),c.test(n.protocol))&&n.host===r.host&&l.activeElement===s&&(d.top.location.href=t.value))}},d.addEventListener(\"message\",d.wp.receiveEmbedMessage,!1),l.addEventListener(\"DOMContentLoaded\",function(){for(var e,t,s=l.querySelectorAll(\"iframe.wp-embedded-content\"),r=0;r<s.length;r++)(t=(e=s[r]).getAttribute(\"data-secret\"))||(t=Math.random().toString(36).substring(2,12),e.src+=\"#?secret=\"+t,e.setAttribute(\"data-secret\",t)),e.contentWindow.postMessage({message:\"ready\",secret:t},\"*\")},!1)))}(window,document);\n\/\/# sourceURL=https:\/\/fjala.info\/2009-2015\/wp-includes\/js\/wp-embed.min.js\n\/* ]]> *\/\n<\/script>\n","description":"Nga Ilir Dhima Tregojn\u00eb q\u00eb, mbi dy shekuj m\u00eb par\u00eb, n\u00eb Zvic\u00ebr dy bashk\u00ebshort\u00eb t\u00eb nj\u00eb familjeje t\u00eb njohur nga Gjeneva takuan Pestalocin, duke iu lutur k\u00ebtij themeluesim t\u00eb pedagogjis\u00eb moderne q\u00eb t\u00eb pranonte t\u00eb merrte p\u00ebrsip\u00ebr edukimin e f\u00ebmij\u00ebs s\u00eb tyre, sipas parimeve t\u00eb veta mjaft premtuese. Pas nj\u00eb \u00e7asti meditimi, Pestaloci i pyeti [&hellip;]","thumbnail_url":"http:\/\/fjala.shkoder.net\/wp-content\/uploads\/2011\/01\/sali_berisha-300x205.jpg"}