{"version":"1.0","provider_name":"FjALA e LIR\u00cb - Arkivi","provider_url":"https:\/\/fjala.info\/2009-2015","author_name":"admin","author_url":"https:\/\/fjala.info\/2009-2015\/author\/admin\/","title":"A \u00ebsht\u00eb Rama frikacak? - FjALA e LIR\u00cb - Arkivi","type":"rich","width":600,"height":338,"html":"<blockquote class=\"wp-embedded-content\" data-secret=\"22o6y3Lv56\"><a href=\"https:\/\/fjala.info\/2009-2015\/a-eshte-rama-frikacak\/\">A \u00ebsht\u00eb Rama frikacak?<\/a><\/blockquote><iframe sandbox=\"allow-scripts\" security=\"restricted\" src=\"https:\/\/fjala.info\/2009-2015\/a-eshte-rama-frikacak\/embed\/#?secret=22o6y3Lv56\" width=\"600\" height=\"338\" title=\"&#8220;A \u00ebsht\u00eb Rama frikacak?&#8221; &#8212; FjALA e LIR\u00cb - Arkivi\" data-secret=\"22o6y3Lv56\" frameborder=\"0\" marginwidth=\"0\" marginheight=\"0\" scrolling=\"no\" class=\"wp-embedded-content\"><\/iframe><script type=\"text\/javascript\">\n\/* <![CDATA[ *\/\n\/*! This file is auto-generated *\/\n!function(d,l){\"use strict\";l.querySelector&&d.addEventListener&&\"undefined\"!=typeof URL&&(d.wp=d.wp||{},d.wp.receiveEmbedMessage||(d.wp.receiveEmbedMessage=function(e){var t=e.data;if((t||t.secret||t.message||t.value)&&!\/[^a-zA-Z0-9]\/.test(t.secret)){for(var s,r,n,a=l.querySelectorAll('iframe[data-secret=\"'+t.secret+'\"]'),o=l.querySelectorAll('blockquote[data-secret=\"'+t.secret+'\"]'),c=new RegExp(\"^https?:$\",\"i\"),i=0;i<o.length;i++)o[i].style.display=\"none\";for(i=0;i<a.length;i++)s=a[i],e.source===s.contentWindow&&(s.removeAttribute(\"style\"),\"height\"===t.message?(1e3<(r=parseInt(t.value,10))?r=1e3:~~r<200&&(r=200),s.height=r):\"link\"===t.message&&(r=new URL(s.getAttribute(\"src\")),n=new URL(t.value),c.test(n.protocol))&&n.host===r.host&&l.activeElement===s&&(d.top.location.href=t.value))}},d.addEventListener(\"message\",d.wp.receiveEmbedMessage,!1),l.addEventListener(\"DOMContentLoaded\",function(){for(var e,t,s=l.querySelectorAll(\"iframe.wp-embedded-content\"),r=0;r<s.length;r++)(t=(e=s[r]).getAttribute(\"data-secret\"))||(t=Math.random().toString(36).substring(2,12),e.src+=\"#?secret=\"+t,e.setAttribute(\"data-secret\",t)),e.contentWindow.postMessage({message:\"ready\",secret:t},\"*\")},!1)))}(window,document);\n\/\/# sourceURL=https:\/\/fjala.info\/2009-2015\/wp-includes\/js\/wp-embed.min.js\n\/* ]]> *\/\n<\/script>\n","description":"Ne jemi kombi i frik\u00ebs. Frika, si bosht mbi t\u00eb cilin ngrihen t\u00eb t\u00ebra marr\u00ebdh\u00ebniet, politike, shoq\u00ebrore, familjare, tregtare. Titullin abuzues e zgjodha se kisha v\u00ebn\u00eb re q\u00eb nuk po m\u00eb lexoheshin m\u00eb artikujt. N\u00eb fakt, nuk doja t\u00eb flisja p\u00ebr frikacakun Ram\u00eb. Por p\u00ebr frik\u00ebn time. Nga Koloreto Cukali, 18 Shkurt 2013 E keni [&hellip;]","thumbnail_url":"http:\/\/www.fjala.info\/2013\/ilustrim_koloreto.jpg"}