{"version":"1.0","provider_name":"FjALA e LIR\u00cb - Arkivi","provider_url":"https:\/\/fjala.info\/2009-2015","author_name":"admin","author_url":"https:\/\/fjala.info\/2009-2015\/author\/admin\/","title":"A E MUARR\u00cbM VESH \u00c7\u2019THA KADAREJA? - FjALA e LIR\u00cb - Arkivi","type":"rich","width":600,"height":338,"html":"<blockquote class=\"wp-embedded-content\" data-secret=\"NQYV8r8rcl\"><a href=\"https:\/\/fjala.info\/2009-2015\/a-e-muarrem-vesh-ctha-kadareja\/\">A E MUARR\u00cbM VESH \u00c7\u2019THA KADAREJA?<\/a><\/blockquote><iframe sandbox=\"allow-scripts\" security=\"restricted\" src=\"https:\/\/fjala.info\/2009-2015\/a-e-muarrem-vesh-ctha-kadareja\/embed\/#?secret=NQYV8r8rcl\" width=\"600\" height=\"338\" title=\"&#8220;A E MUARR\u00cbM VESH \u00c7\u2019THA KADAREJA?&#8221; &#8212; FjALA e LIR\u00cb - Arkivi\" data-secret=\"NQYV8r8rcl\" frameborder=\"0\" marginwidth=\"0\" marginheight=\"0\" scrolling=\"no\" class=\"wp-embedded-content\"><\/iframe><script type=\"text\/javascript\">\n\/* <![CDATA[ *\/\n\/*! This file is auto-generated *\/\n!function(d,l){\"use strict\";l.querySelector&&d.addEventListener&&\"undefined\"!=typeof URL&&(d.wp=d.wp||{},d.wp.receiveEmbedMessage||(d.wp.receiveEmbedMessage=function(e){var t=e.data;if((t||t.secret||t.message||t.value)&&!\/[^a-zA-Z0-9]\/.test(t.secret)){for(var s,r,n,a=l.querySelectorAll('iframe[data-secret=\"'+t.secret+'\"]'),o=l.querySelectorAll('blockquote[data-secret=\"'+t.secret+'\"]'),c=new RegExp(\"^https?:$\",\"i\"),i=0;i<o.length;i++)o[i].style.display=\"none\";for(i=0;i<a.length;i++)s=a[i],e.source===s.contentWindow&&(s.removeAttribute(\"style\"),\"height\"===t.message?(1e3<(r=parseInt(t.value,10))?r=1e3:~~r<200&&(r=200),s.height=r):\"link\"===t.message&&(r=new URL(s.getAttribute(\"src\")),n=new URL(t.value),c.test(n.protocol))&&n.host===r.host&&l.activeElement===s&&(d.top.location.href=t.value))}},d.addEventListener(\"message\",d.wp.receiveEmbedMessage,!1),l.addEventListener(\"DOMContentLoaded\",function(){for(var e,t,s=l.querySelectorAll(\"iframe.wp-embedded-content\"),r=0;r<s.length;r++)(t=(e=s[r]).getAttribute(\"data-secret\"))||(t=Math.random().toString(36).substring(2,12),e.src+=\"#?secret=\"+t,e.setAttribute(\"data-secret\",t)),e.contentWindow.postMessage({message:\"ready\",secret:t},\"*\")},!1)))}(window,document);\n\/\/# sourceURL=https:\/\/fjala.info\/2009-2015\/wp-includes\/js\/wp-embed.min.js\n\/* ]]> *\/\n<\/script>\n","description":"Ylli Polovina T\u00eb p\u00ebrfshir\u00eb nxeht\u00ebsisht n\u00ebp\u00ebr biseda rrethngushta apo n\u00eb bashk\u00ebsi masive si\u00e7 jan\u00eb blogjet n\u00eb internet, shum\u00eb prej pjes\u00ebmarr\u00ebsve lan\u00eb k\u00ebto dit\u00eb p\u00ebrshtypjen se qen\u00eb ndjer\u00eb disi t\u00eb zhg\u00ebnjyer prej shkrimit t\u00eb fundit t\u00eb Ismail Kadares\u00eb, botuar n\u00eb gazet\u00ebn shqiptaro-amerikane \u201cIllyria\u201d t\u00eb Nju Jorkut. Disave iu duk tep\u00ebr akademik. Nd\u00ebrkoh\u00eb pjesa d\u00ebrmuese e t\u00eb [&hellip;]"}