{"version":"1.0","provider_name":"FjALA e LIR\u00cb - Arkivi","provider_url":"https:\/\/fjala.info\/2009-2015","author_name":"admin","author_url":"https:\/\/fjala.info\/2009-2015\/author\/admin\/","title":"A do ta fal\u00eb Rama, Sali Berish\u00ebn? - FjALA e LIR\u00cb - Arkivi","type":"rich","width":600,"height":338,"html":"<blockquote class=\"wp-embedded-content\" data-secret=\"TtxokVM7A4\"><a href=\"https:\/\/fjala.info\/2009-2015\/a-do-ta-fale-rama-sali-berishen\/\">A do ta fal\u00eb Rama, Sali Berish\u00ebn?<\/a><\/blockquote><iframe sandbox=\"allow-scripts\" security=\"restricted\" src=\"https:\/\/fjala.info\/2009-2015\/a-do-ta-fale-rama-sali-berishen\/embed\/#?secret=TtxokVM7A4\" width=\"600\" height=\"338\" title=\"&#8220;A do ta fal\u00eb Rama, Sali Berish\u00ebn?&#8221; &#8212; FjALA e LIR\u00cb - Arkivi\" data-secret=\"TtxokVM7A4\" frameborder=\"0\" marginwidth=\"0\" marginheight=\"0\" scrolling=\"no\" class=\"wp-embedded-content\"><\/iframe><script type=\"text\/javascript\">\n\/* <![CDATA[ *\/\n\/*! This file is auto-generated *\/\n!function(d,l){\"use strict\";l.querySelector&&d.addEventListener&&\"undefined\"!=typeof URL&&(d.wp=d.wp||{},d.wp.receiveEmbedMessage||(d.wp.receiveEmbedMessage=function(e){var t=e.data;if((t||t.secret||t.message||t.value)&&!\/[^a-zA-Z0-9]\/.test(t.secret)){for(var s,r,n,a=l.querySelectorAll('iframe[data-secret=\"'+t.secret+'\"]'),o=l.querySelectorAll('blockquote[data-secret=\"'+t.secret+'\"]'),c=new RegExp(\"^https?:$\",\"i\"),i=0;i<o.length;i++)o[i].style.display=\"none\";for(i=0;i<a.length;i++)s=a[i],e.source===s.contentWindow&&(s.removeAttribute(\"style\"),\"height\"===t.message?(1e3<(r=parseInt(t.value,10))?r=1e3:~~r<200&&(r=200),s.height=r):\"link\"===t.message&&(r=new URL(s.getAttribute(\"src\")),n=new URL(t.value),c.test(n.protocol))&&n.host===r.host&&l.activeElement===s&&(d.top.location.href=t.value))}},d.addEventListener(\"message\",d.wp.receiveEmbedMessage,!1),l.addEventListener(\"DOMContentLoaded\",function(){for(var e,t,s=l.querySelectorAll(\"iframe.wp-embedded-content\"),r=0;r<s.length;r++)(t=(e=s[r]).getAttribute(\"data-secret\"))||(t=Math.random().toString(36).substring(2,12),e.src+=\"#?secret=\"+t,e.setAttribute(\"data-secret\",t)),e.contentWindow.postMessage({message:\"ready\",secret:t},\"*\")},!1)))}(window,document);\n\/\/# sourceURL=https:\/\/fjala.info\/2009-2015\/wp-includes\/js\/wp-embed.min.js\n\/* ]]> *\/\n<\/script>\n","description":"Nga Mero Baze, 8 Mars 2013 N\u00eb intervist\u00ebn e tij t\u00eb fundit publike me Blendi Fevziun, Edi Rama krijoi perceptimin se nuk ka nd\u00ebrmend t\u00eb merret me Sali Berish\u00ebn kur t\u00eb fitoj\u00eb zgjedhjet, pasi do t\u00eb ket\u00eb shum\u00eb pun\u00eb p\u00ebr t\u00eb b\u00ebr\u00eb, nd\u00ebrkoh\u00eb q\u00eb \u00ebsht\u00eb shprehur se gjyqi ndaj fajtor\u00ebve p\u00ebr vrasjet e 21 Janarit [&hellip;]","thumbnail_url":"http:\/\/www.fjala.info\/2012\/mero_baze.jpg"}